{"id":6024,"date":"2019-04-01T10:16:17","date_gmt":"2019-04-01T08:16:17","guid":{"rendered":"https:\/\/www.cortecarezzabella.com\/?post_type=product&#038;p=6024"},"modified":"2024-09-03T11:35:55","modified_gmt":"2024-09-03T09:35:55","slug":"succo-e-polpa-di-mela-e-carote-730-ml","status":"publish","type":"product","link":"https:\/\/www.cortecarezzabella.com\/nl\/shop\/succo-e-polpa-di-mela-e-carote-730-ml\/","title":{"rendered":"Succo e polpa di mela e carote  &#8211; 730 ml"},"content":{"rendered":"<p>Dalla frutta coltivata in regime biologico nella nostra azienda agricola, otteniamo la gamma dei <strong>succhi di frutta.<\/strong><\/p>\n<p>I nostri succhi sono frutta da bere, naturali nel colore e nel gusto. Per la loro genuinit\u00e0 e la dolcezza naturale che deriva da lavorazioni artigianali che preservano la dolcezza della frutta,&nbsp;piacciono ai grandi come ai bambini e si prestano anche alla creativit\u00e0 per ottimi e freschi aperitivi.<\/p>\n","protected":false},"excerpt":{"rendered":"<p>Il succo di mele e carote unisce il gusto di due prodotti che coltiviamo da sempre nella nostra azienda: un&#8217;unione eccellente che vi conquister\u00e0 con profumi quasi <em>tropical<\/em>, pur essendo 100% locale!!<\/p>\n<p>Il succo \u00e8 realizzato riducendo a purea variet\u00e0 miste di mele e carote, con una leggera diluizione con acqua per ottenere una buona densit\u00e0. Infine una minima percentuale di zucchero di canna riequilibra il tenore zuccherino senza sovrastare il gusto naturale della frutta.<\/p>\n<p>&nbsp;<\/p>\n<p class=\"p1\">Bottiglia di vetro: 730ml<\/p>\n<p class=\"p1\">Ingredienti: 50% mele, 30% carote, acqua e zucchero di canna.<\/p>\n<p class=\"p1\">80% frutta fresca \u2013 15% zuccheri totali<\/p>\n<p class=\"p1\">Si conserva in frigo dopo l\u2019apertura<\/p>\n<p>Scadenza entro la fine del mese di: settembre 2020<\/p>\n","protected":false},"featured_media":6529,"comment_status":"closed","ping_status":"closed","template":"","meta":{"_acf_changed":false,"ngg_post_thumbnail":0},"product_brand":[],"product_cat":[22],"product_tag":[],"class_list":{"0":"post-6024","1":"product","2":"type-product","3":"status-publish","4":"has-post-thumbnail","6":"product_cat-succhi-di-frutta-biologici","8":"first","9":"outofstock","10":"taxable","11":"shipping-taxable","12":"purchasable","13":"product-type-simple"},"acf":[],"yoast_head":"<!-- This site is optimized with the Yoast SEO plugin v27.5 - https:\/\/yoast.com\/product\/yoast-seo-wordpress\/ -->\n<title>Succo e polpa di mela e carote - 730 ml &#187; Corte Carezzabella<\/title>\n<meta name=\"robots\" content=\"index, follow, max-snippet:-1, max-image-preview:large, max-video-preview:-1\" \/>\n<link rel=\"canonical\" href=\"https:\/\/www.cortecarezzabella.com\/nl\/shop\/succo-e-polpa-di-mela-e-carote-730-ml\/\" \/>\n<meta property=\"og:locale\" content=\"nl_NL\" \/>\n<meta property=\"og:type\" content=\"article\" \/>\n<meta property=\"og:title\" content=\"Succo e polpa di mela e carote - 730 ml &#187; Corte Carezzabella\" \/>\n<meta property=\"og:description\" content=\"Il succo di mele e carote unisce il gusto di due prodotti che coltiviamo da sempre nella nostra azienda: un&#039;unione eccellente che vi conquister\u00e0 con profumi quasi tropical, pur essendo 100% locale!!  Il succo \u00e8 realizzato riducendo a purea variet\u00e0 miste di mele e carote, con una leggera diluizione con acqua per ottenere una buona densit\u00e0. Infine una minima percentuale di zucchero di canna riequilibra il tenore zuccherino senza sovrastare il gusto naturale della frutta.  &nbsp; Bottiglia di vetro: 730ml Ingredienti: 50% mele, 30% carote, acqua e zucchero di canna. 80% frutta fresca \u2013 15% zuccheri totali Si conserva in frigo dopo l\u2019apertura Scadenza entro la fine del mese di: settembre 2020\" \/>\n<meta property=\"og:url\" content=\"https:\/\/www.cortecarezzabella.com\/nl\/shop\/succo-e-polpa-di-mela-e-carote-730-ml\/\" \/>\n<meta property=\"og:site_name\" content=\"Corte Carezzabella\" \/>\n<meta property=\"article:modified_time\" content=\"2024-09-03T09:35:55+00:00\" \/>\n<meta property=\"og:image\" content=\"https:\/\/www.cortecarezzabella.com\/wp-content\/uploads\/2019\/04\/750_0719-scaled.jpg\" \/>\n\t<meta property=\"og:image:width\" content=\"1709\" \/>\n\t<meta property=\"og:image:height\" content=\"2560\" \/>\n\t<meta property=\"og:image:type\" content=\"image\/jpeg\" \/>\n<meta name=\"twitter:card\" content=\"summary_large_image\" \/>\n<meta name=\"twitter:label1\" content=\"Est. reading time\" \/>\n\t<meta name=\"twitter:data1\" content=\"1 minute\" \/>\n<script type=\"application\/ld+json\" class=\"yoast-schema-graph\">{\"@context\":\"https:\\\/\\\/schema.org\",\"@graph\":[{\"@type\":\"WebPage\",\"@id\":\"https:\\\/\\\/www.cortecarezzabella.com\\\/nl\\\/shop\\\/succo-e-polpa-di-mela-e-carote-730-ml\\\/\",\"url\":\"https:\\\/\\\/www.cortecarezzabella.com\\\/nl\\\/shop\\\/succo-e-polpa-di-mela-e-carote-730-ml\\\/\",\"name\":\"Succo e polpa di mela e carote - 730 ml &#187; Corte Carezzabella\",\"isPartOf\":{\"@id\":\"https:\\\/\\\/www.cortecarezzabella.com\\\/nl\\\/#website\"},\"primaryImageOfPage\":{\"@id\":\"https:\\\/\\\/www.cortecarezzabella.com\\\/nl\\\/shop\\\/succo-e-polpa-di-mela-e-carote-730-ml\\\/#primaryimage\"},\"image\":{\"@id\":\"https:\\\/\\\/www.cortecarezzabella.com\\\/nl\\\/shop\\\/succo-e-polpa-di-mela-e-carote-730-ml\\\/#primaryimage\"},\"thumbnailUrl\":\"https:\\\/\\\/www.cortecarezzabella.com\\\/wp-content\\\/uploads\\\/2019\\\/04\\\/750_0719-scaled.jpg\",\"datePublished\":\"2019-04-01T08:16:17+00:00\",\"dateModified\":\"2024-09-03T09:35:55+00:00\",\"breadcrumb\":{\"@id\":\"https:\\\/\\\/www.cortecarezzabella.com\\\/nl\\\/shop\\\/succo-e-polpa-di-mela-e-carote-730-ml\\\/#breadcrumb\"},\"inLanguage\":\"nl-NL\",\"potentialAction\":[{\"@type\":\"ReadAction\",\"target\":[\"https:\\\/\\\/www.cortecarezzabella.com\\\/nl\\\/shop\\\/succo-e-polpa-di-mela-e-carote-730-ml\\\/\"]}]},{\"@type\":\"ImageObject\",\"inLanguage\":\"nl-NL\",\"@id\":\"https:\\\/\\\/www.cortecarezzabella.com\\\/nl\\\/shop\\\/succo-e-polpa-di-mela-e-carote-730-ml\\\/#primaryimage\",\"url\":\"https:\\\/\\\/www.cortecarezzabella.com\\\/wp-content\\\/uploads\\\/2019\\\/04\\\/750_0719-scaled.jpg\",\"contentUrl\":\"https:\\\/\\\/www.cortecarezzabella.com\\\/wp-content\\\/uploads\\\/2019\\\/04\\\/750_0719-scaled.jpg\",\"width\":1709,\"height\":2560},{\"@type\":\"BreadcrumbList\",\"@id\":\"https:\\\/\\\/www.cortecarezzabella.com\\\/nl\\\/shop\\\/succo-e-polpa-di-mela-e-carote-730-ml\\\/#breadcrumb\",\"itemListElement\":[{\"@type\":\"ListItem\",\"position\":1,\"name\":\"Home\",\"item\":\"https:\\\/\\\/www.cortecarezzabella.com\\\/nl\\\/\"},{\"@type\":\"ListItem\",\"position\":2,\"name\":\"Shop online\",\"item\":\"https:\\\/\\\/www.cortecarezzabella.com\\\/nl\\\/shop-online\\\/\"},{\"@type\":\"ListItem\",\"position\":3,\"name\":\"Succhi di frutta\",\"item\":\"https:\\\/\\\/www.cortecarezzabella.com\\\/nl\\\/categoria\\\/succhi-di-frutta-biologici\\\/\"},{\"@type\":\"ListItem\",\"position\":4,\"name\":\"Succo e polpa di mela e carote &#8211; 730 ml\"}]},{\"@type\":\"WebSite\",\"@id\":\"https:\\\/\\\/www.cortecarezzabella.com\\\/nl\\\/#website\",\"url\":\"https:\\\/\\\/www.cortecarezzabella.com\\\/nl\\\/\",\"name\":\"Corte Carezzabella\",\"description\":\"Agriturismo Corte Carezzabella\",\"publisher\":{\"@id\":\"https:\\\/\\\/www.cortecarezzabella.com\\\/nl\\\/#organization\"},\"potentialAction\":[{\"@type\":\"SearchAction\",\"target\":{\"@type\":\"EntryPoint\",\"urlTemplate\":\"https:\\\/\\\/www.cortecarezzabella.com\\\/nl\\\/?s={search_term_string}\"},\"query-input\":{\"@type\":\"PropertyValueSpecification\",\"valueRequired\":true,\"valueName\":\"search_term_string\"}}],\"inLanguage\":\"nl-NL\"},{\"@type\":\"Organization\",\"@id\":\"https:\\\/\\\/www.cortecarezzabella.com\\\/nl\\\/#organization\",\"name\":\"IL FRUTTETO DI SAN MARTINO S.S.\",\"url\":\"https:\\\/\\\/www.cortecarezzabella.com\\\/nl\\\/\",\"logo\":{\"@type\":\"ImageObject\",\"inLanguage\":\"nl-NL\",\"@id\":\"https:\\\/\\\/www.cortecarezzabella.com\\\/nl\\\/#\\\/schema\\\/logo\\\/image\\\/\",\"url\":\"https:\\\/\\\/www.cortecarezzabella.com\\\/wp-content\\\/uploads\\\/2020\\\/03\\\/LOGO_laBottega-posta-elttr-piccola.jpg\",\"contentUrl\":\"https:\\\/\\\/www.cortecarezzabella.com\\\/wp-content\\\/uploads\\\/2020\\\/03\\\/LOGO_laBottega-posta-elttr-piccola.jpg\",\"width\":160,\"height\":115,\"caption\":\"IL FRUTTETO DI SAN MARTINO S.S.\"},\"image\":{\"@id\":\"https:\\\/\\\/www.cortecarezzabella.com\\\/nl\\\/#\\\/schema\\\/logo\\\/image\\\/\"}}]}<\/script>\n<!-- \/ Yoast SEO plugin. -->","yoast_head_json":{"title":"Succo e polpa di mela e carote - 730 ml &#187; Corte Carezzabella","robots":{"index":"index","follow":"follow","max-snippet":"max-snippet:-1","max-image-preview":"max-image-preview:large","max-video-preview":"max-video-preview:-1"},"canonical":"https:\/\/www.cortecarezzabella.com\/nl\/shop\/succo-e-polpa-di-mela-e-carote-730-ml\/","og_locale":"nl_NL","og_type":"article","og_title":"Succo e polpa di mela e carote - 730 ml &#187; Corte Carezzabella","og_description":"Il succo di mele e carote unisce il gusto di due prodotti che coltiviamo da sempre nella nostra azienda: un'unione eccellente che vi conquister\u00e0 con profumi quasi tropical, pur essendo 100% locale!!  Il succo \u00e8 realizzato riducendo a purea variet\u00e0 miste di mele e carote, con una leggera diluizione con acqua per ottenere una buona densit\u00e0. Infine una minima percentuale di zucchero di canna riequilibra il tenore zuccherino senza sovrastare il gusto naturale della frutta.  &nbsp; Bottiglia di vetro: 730ml Ingredienti: 50% mele, 30% carote, acqua e zucchero di canna. 80% frutta fresca \u2013 15% zuccheri totali Si conserva in frigo dopo l\u2019apertura Scadenza entro la fine del mese di: settembre 2020","og_url":"https:\/\/www.cortecarezzabella.com\/nl\/shop\/succo-e-polpa-di-mela-e-carote-730-ml\/","og_site_name":"Corte Carezzabella","article_modified_time":"2024-09-03T09:35:55+00:00","og_image":[{"width":1709,"height":2560,"url":"https:\/\/www.cortecarezzabella.com\/wp-content\/uploads\/2019\/04\/750_0719-scaled.jpg","type":"image\/jpeg"}],"twitter_card":"summary_large_image","twitter_misc":{"Est. reading time":"1 minute"},"schema":{"@context":"https:\/\/schema.org","@graph":[{"@type":"WebPage","@id":"https:\/\/www.cortecarezzabella.com\/nl\/shop\/succo-e-polpa-di-mela-e-carote-730-ml\/","url":"https:\/\/www.cortecarezzabella.com\/nl\/shop\/succo-e-polpa-di-mela-e-carote-730-ml\/","name":"Succo e polpa di mela e carote - 730 ml &#187; Corte Carezzabella","isPartOf":{"@id":"https:\/\/www.cortecarezzabella.com\/nl\/#website"},"primaryImageOfPage":{"@id":"https:\/\/www.cortecarezzabella.com\/nl\/shop\/succo-e-polpa-di-mela-e-carote-730-ml\/#primaryimage"},"image":{"@id":"https:\/\/www.cortecarezzabella.com\/nl\/shop\/succo-e-polpa-di-mela-e-carote-730-ml\/#primaryimage"},"thumbnailUrl":"https:\/\/www.cortecarezzabella.com\/wp-content\/uploads\/2019\/04\/750_0719-scaled.jpg","datePublished":"2019-04-01T08:16:17+00:00","dateModified":"2024-09-03T09:35:55+00:00","breadcrumb":{"@id":"https:\/\/www.cortecarezzabella.com\/nl\/shop\/succo-e-polpa-di-mela-e-carote-730-ml\/#breadcrumb"},"inLanguage":"nl-NL","potentialAction":[{"@type":"ReadAction","target":["https:\/\/www.cortecarezzabella.com\/nl\/shop\/succo-e-polpa-di-mela-e-carote-730-ml\/"]}]},{"@type":"ImageObject","inLanguage":"nl-NL","@id":"https:\/\/www.cortecarezzabella.com\/nl\/shop\/succo-e-polpa-di-mela-e-carote-730-ml\/#primaryimage","url":"https:\/\/www.cortecarezzabella.com\/wp-content\/uploads\/2019\/04\/750_0719-scaled.jpg","contentUrl":"https:\/\/www.cortecarezzabella.com\/wp-content\/uploads\/2019\/04\/750_0719-scaled.jpg","width":1709,"height":2560},{"@type":"BreadcrumbList","@id":"https:\/\/www.cortecarezzabella.com\/nl\/shop\/succo-e-polpa-di-mela-e-carote-730-ml\/#breadcrumb","itemListElement":[{"@type":"ListItem","position":1,"name":"Home","item":"https:\/\/www.cortecarezzabella.com\/nl\/"},{"@type":"ListItem","position":2,"name":"Shop online","item":"https:\/\/www.cortecarezzabella.com\/nl\/shop-online\/"},{"@type":"ListItem","position":3,"name":"Succhi di frutta","item":"https:\/\/www.cortecarezzabella.com\/nl\/categoria\/succhi-di-frutta-biologici\/"},{"@type":"ListItem","position":4,"name":"Succo e polpa di mela e carote &#8211; 730 ml"}]},{"@type":"WebSite","@id":"https:\/\/www.cortecarezzabella.com\/nl\/#website","url":"https:\/\/www.cortecarezzabella.com\/nl\/","name":"Corte Carezzabella","description":"Agriturismo Corte Carezzabella","publisher":{"@id":"https:\/\/www.cortecarezzabella.com\/nl\/#organization"},"potentialAction":[{"@type":"SearchAction","target":{"@type":"EntryPoint","urlTemplate":"https:\/\/www.cortecarezzabella.com\/nl\/?s={search_term_string}"},"query-input":{"@type":"PropertyValueSpecification","valueRequired":true,"valueName":"search_term_string"}}],"inLanguage":"nl-NL"},{"@type":"Organization","@id":"https:\/\/www.cortecarezzabella.com\/nl\/#organization","name":"IL FRUTTETO DI SAN MARTINO S.S.","url":"https:\/\/www.cortecarezzabella.com\/nl\/","logo":{"@type":"ImageObject","inLanguage":"nl-NL","@id":"https:\/\/www.cortecarezzabella.com\/nl\/#\/schema\/logo\/image\/","url":"https:\/\/www.cortecarezzabella.com\/wp-content\/uploads\/2020\/03\/LOGO_laBottega-posta-elttr-piccola.jpg","contentUrl":"https:\/\/www.cortecarezzabella.com\/wp-content\/uploads\/2020\/03\/LOGO_laBottega-posta-elttr-piccola.jpg","width":160,"height":115,"caption":"IL FRUTTETO DI SAN MARTINO S.S."},"image":{"@id":"https:\/\/www.cortecarezzabella.com\/nl\/#\/schema\/logo\/image\/"}}]}},"_links":{"self":[{"href":"https:\/\/www.cortecarezzabella.com\/nl\/wp-json\/wp\/v2\/product\/6024","targetHints":{"allow":["GET"]}}],"collection":[{"href":"https:\/\/www.cortecarezzabella.com\/nl\/wp-json\/wp\/v2\/product"}],"about":[{"href":"https:\/\/www.cortecarezzabella.com\/nl\/wp-json\/wp\/v2\/types\/product"}],"replies":[{"embeddable":true,"href":"https:\/\/www.cortecarezzabella.com\/nl\/wp-json\/wp\/v2\/comments?post=6024"}],"wp:featuredmedia":[{"embeddable":true,"href":"https:\/\/www.cortecarezzabella.com\/nl\/wp-json\/wp\/v2\/media\/6529"}],"wp:attachment":[{"href":"https:\/\/www.cortecarezzabella.com\/nl\/wp-json\/wp\/v2\/media?parent=6024"}],"wp:term":[{"taxonomy":"product_brand","embeddable":true,"href":"https:\/\/www.cortecarezzabella.com\/nl\/wp-json\/wp\/v2\/product_brand?post=6024"},{"taxonomy":"product_cat","embeddable":true,"href":"https:\/\/www.cortecarezzabella.com\/nl\/wp-json\/wp\/v2\/product_cat?post=6024"},{"taxonomy":"product_tag","embeddable":true,"href":"https:\/\/www.cortecarezzabella.com\/nl\/wp-json\/wp\/v2\/product_tag?post=6024"}],"curies":[{"name":"wp","href":"https:\/\/api.w.org\/{rel}","templated":true}]}}