{"id":736,"date":"2017-05-31T17:02:58","date_gmt":"2017-05-31T15:02:58","guid":{"rendered":"https:\/\/www.cortecarezzabella.com\/?page_id=736\/"},"modified":"2025-04-08T11:35:29","modified_gmt":"2025-04-08T09:35:29","slug":"azienda-biologica","status":"publish","type":"page","link":"https:\/\/www.cortecarezzabella.com\/it\/azienda-biologica\/","title":{"rendered":"L&#8217;azienda biologica"},"content":{"rendered":"<h2 style=\"text-align: center;\">&#8211; L&#8217;azienda biologica &#8211;<\/h2>\n<p>Corte Carezzabella \u00e8 un&#8217;<strong>azienda agricola<\/strong><strong>&nbsp;biologica<\/strong>&nbsp;a poche centinaia di metri dal fiume Adige nel paese di San Martino di Venezze, vicino a&nbsp;Rovigo, capoluogo del Polesine.<\/p>\n<p>Negli ultimi anni abbiamo deciso di concentrare le nostre forze sulla<strong> ri-naturalizzazione dell&#8217;azienda agricola<\/strong>, incentivando la <strong>biodiversit\u00e0<\/strong> animale e vegetale e intraprendendo la <strong>coltivazione con metodo biologico<\/strong>, per la quale abbiamo ottenuto la certificazione. Un importante intervento di <strong>Agroforestazione<\/strong> ne cambier\u00e0 il volto nei prossimi anni, grazie alla piantumazione di pi\u00f9 di 2.000 alberi lungo la fascia perimetrale.<\/p>\n<p>Le produzioni aziendali sono in parte destinate anche alla <strong>trasformazione<\/strong>, molte delle quali avvengono nel laboratorio interno con lavorazioni artigianali..<\/p>\n<p>Un prodotto che merita attenzione \u00e8 il <strong>vino<\/strong>. Il desiderio di dar vita ad un\u2019esperienza di&nbsp;<strong>viticoltura d\u2019eccellenza in Polesine<\/strong> ci ha spinto a riportare la coltivazione dell\u2019uva nei nostri terreni.<\/p>\n<p>Da oltre 15 anni abbiamo recuperato la coltivazione delle viti e intrapreso un progetto di viticoltura attento alla sostenibilit\u00e0 e alla biodiversit\u00e0 ponendo grande attenzione alla naturalit\u00e0 dei processi produttivi, sia in vigneto che in cantina.<\/p>\n<p>I nostri vini biologici, sono: MERLOT IGT, TEMETUM Rosso Veneto IGT, TEMETUM Bianco Veneto IGT, PINOT GRIGIO DELLE VENEZIE Doc, ROSA Rosato Veneto IGT, BRILLO Bianco Veneto IGT e TURCHETTA Rosso Veneto IGT.<\/p>\n<p>A partire dalla frutta coltivata in azienda e dagli ortaggi stagionali del nostro orto BIO, otteniamo inoltre:<\/p>\n<p><strong>succhi di frutta<\/strong> 100% naturali (mela, pera, pesca) ,<\/p>\n<p><strong>confetture<\/strong> &amp; <strong>composte artigianali <\/strong><\/p>\n<p><strong>polpe e passata di pomodoro<\/strong><\/p>\n<p><strong>Aceto di mele<\/strong>&nbsp;<\/p>\n<p><strong>Farina macinata a pietra<\/strong> con cui realizziamo ottimi<strong> prodotti da forno dolci e salati.<\/strong><\/p>\n<p>Caratteristica comune di molti prodotti in vasetto come le confetture e le conserve di pomodoro \u00e8 la lavorazione a basse temperature e con cottura in condizioni di vuoto statico che permette di rispettare il colore, il profumo, il gusto naturale e le propriet\u00e0 organolettiche dei prodotti vegetali freschi giunti a maturazione.<\/p>\n<p>L&#8217;azienda agricola per noi non \u00e8 solo un luogo di produzione ma un ambiente da vivere sotto molteplici punti di vista: un luogo di contatto con la natura dove trascorrere una vacanza &#8211; <strong>l&#8217;Agriturismo<\/strong> &#8211;&nbsp; il contesto ideale in cui crescere e fare esperienze educative per piccoli e grandi &#8211; la <strong>Fattoria Didattica<\/strong> con i suoi servizi alle scuole ed alle famiglie<strong>&#8230; <\/strong>una &#8220;fucina&#8221; produttiva di cose <em>buone<\/em> e genuine!<img loading=\"lazy\" decoding=\"async\" class=\"size-medium wp-image-4999 aligncenter\" src=\"https:\/\/www.cortecarezzabella.com\/wp-content\/uploads\/2019\/01\/Dji-0002-640x480.jpg\" alt=\"\" width=\"640\" height=\"480\" srcset=\"https:\/\/www.cortecarezzabella.com\/wp-content\/uploads\/2019\/01\/Dji-0002-640x480.jpg 640w, https:\/\/www.cortecarezzabella.com\/wp-content\/uploads\/2019\/01\/Dji-0002-scaled-500x375.jpg 500w, https:\/\/www.cortecarezzabella.com\/wp-content\/uploads\/2019\/01\/Dji-0002-768x576.jpg 768w, https:\/\/www.cortecarezzabella.com\/wp-content\/uploads\/2019\/01\/Dji-0002-934x700.jpg 934w, https:\/\/www.cortecarezzabella.com\/wp-content\/uploads\/2019\/01\/Dji-0002-scaled.jpg 1600w\" sizes=\"auto, (max-width: 640px) 100vw, 640px\" \/><\/p>\n<p>&nbsp;<\/p>\n<p>&nbsp;<\/p>\n\n\n<figure class=\"wp-block-image size-large\"><img loading=\"lazy\" decoding=\"async\" width=\"1024\" height=\"683\" src=\"https:\/\/www.cortecarezzabella.com\/wp-content\/uploads\/2025\/04\/tutti-i-prodotti-1024x683.jpg\" alt=\"\" class=\"wp-image-14881\" srcset=\"https:\/\/www.cortecarezzabella.com\/wp-content\/uploads\/2025\/04\/tutti-i-prodotti-1024x683.jpg 1024w, https:\/\/www.cortecarezzabella.com\/wp-content\/uploads\/2025\/04\/tutti-i-prodotti-700x467.jpg 700w, https:\/\/www.cortecarezzabella.com\/wp-content\/uploads\/2025\/04\/tutti-i-prodotti-768x512.jpg 768w, https:\/\/www.cortecarezzabella.com\/wp-content\/uploads\/2025\/04\/tutti-i-prodotti-1536x1024.jpg 1536w, https:\/\/www.cortecarezzabella.com\/wp-content\/uploads\/2025\/04\/tutti-i-prodotti-2048x1365.jpg 2048w, https:\/\/www.cortecarezzabella.com\/wp-content\/uploads\/2025\/04\/tutti-i-prodotti-500x333.jpg 500w, https:\/\/www.cortecarezzabella.com\/wp-content\/uploads\/2025\/04\/tutti-i-prodotti-90x60.jpg 90w, https:\/\/www.cortecarezzabella.com\/wp-content\/uploads\/2025\/04\/tutti-i-prodotti-135x90.jpg 135w\" sizes=\"auto, (max-width: 1024px) 100vw, 1024px\" \/><\/figure>\n","protected":false},"excerpt":{"rendered":"<p>&#8211; L&#8217;azienda biologica &#8211; Corte Carezzabella \u00e8 un&#8217;azienda agricola&nbsp;biologica&nbsp;a poche centinaia di metri dal fiume Adige nel paese di San Martino di Venezze, vicino a&nbsp;Rovigo, capoluogo del Polesine. Negli ultimi anni abbiamo deciso di concentrare le nostre forze sulla ri-naturalizzazione dell&#8217;azienda agricola, incentivando la biodiversit\u00e0 animale e vegetale e intraprendendo la coltivazione con metodo biologico, [&hellip;]<\/p>\n","protected":false},"author":1,"featured_media":14483,"parent":0,"menu_order":0,"comment_status":"closed","ping_status":"closed","template":"","meta":{"_acf_changed":false,"ngg_post_thumbnail":0,"footnotes":""},"class_list":["post-736","page","type-page","status-publish","has-post-thumbnail","hentry"],"acf":[],"yoast_head":"<!-- This site is optimized with the Yoast SEO plugin v27.5 - https:\/\/yoast.com\/product\/yoast-seo-wordpress\/ -->\n<title>L&#039;azienda biologica<\/title>\n<meta name=\"robots\" content=\"index, follow, max-snippet:-1, max-image-preview:large, max-video-preview:-1\" \/>\n<link rel=\"canonical\" href=\"https:\/\/www.cortecarezzabella.com\/it\/azienda-biologica\/\" \/>\n<meta property=\"og:locale\" content=\"it_IT\" \/>\n<meta property=\"og:type\" content=\"article\" \/>\n<meta property=\"og:title\" content=\"L&#039;azienda biologica\" \/>\n<meta property=\"og:description\" content=\"&#8211; L&#8217;azienda biologica &#8211; Corte Carezzabella \u00e8 un&#8217;azienda agricola&nbsp;biologica&nbsp;a poche centinaia di metri dal fiume Adige nel paese di San Martino di Venezze, vicino a&nbsp;Rovigo, capoluogo del Polesine. Negli ultimi anni abbiamo deciso di concentrare le nostre forze sulla ri-naturalizzazione dell&#8217;azienda agricola, incentivando la biodiversit\u00e0 animale e vegetale e intraprendendo la coltivazione con metodo biologico, [&hellip;]\" \/>\n<meta property=\"og:url\" content=\"https:\/\/www.cortecarezzabella.com\/it\/azienda-biologica\/\" \/>\n<meta property=\"og:site_name\" content=\"Corte Carezzabella\" \/>\n<meta property=\"article:modified_time\" content=\"2025-04-08T09:35:29+00:00\" \/>\n<meta property=\"og:image\" content=\"https:\/\/www.cortecarezzabella.com\/wp-content\/uploads\/2021\/10\/Green-Organic-Quote-Poster-1.png\" \/>\n\t<meta property=\"og:image:width\" content=\"1588\" \/>\n\t<meta property=\"og:image:height\" content=\"2245\" \/>\n\t<meta property=\"og:image:type\" content=\"image\/png\" \/>\n<meta name=\"twitter:card\" content=\"summary_large_image\" \/>\n<meta name=\"twitter:label1\" content=\"Tempo di lettura stimato\" \/>\n\t<meta name=\"twitter:data1\" content=\"3 minuti\" \/>\n<script type=\"application\/ld+json\" class=\"yoast-schema-graph\">{\"@context\":\"https:\\\/\\\/schema.org\",\"@graph\":[{\"@type\":\"WebPage\",\"@id\":\"https:\\\/\\\/www.cortecarezzabella.com\\\/it\\\/azienda-biologica\\\/\",\"url\":\"https:\\\/\\\/www.cortecarezzabella.com\\\/it\\\/azienda-biologica\\\/\",\"name\":\"L'azienda biologica\",\"isPartOf\":{\"@id\":\"https:\\\/\\\/www.cortecarezzabella.com\\\/it\\\/#website\"},\"primaryImageOfPage\":{\"@id\":\"https:\\\/\\\/www.cortecarezzabella.com\\\/it\\\/azienda-biologica\\\/#primaryimage\"},\"image\":{\"@id\":\"https:\\\/\\\/www.cortecarezzabella.com\\\/it\\\/azienda-biologica\\\/#primaryimage\"},\"thumbnailUrl\":\"https:\\\/\\\/www.cortecarezzabella.com\\\/wp-content\\\/uploads\\\/2021\\\/10\\\/Green-Organic-Quote-Poster-1.png\",\"datePublished\":\"2017-05-31T15:02:58+00:00\",\"dateModified\":\"2025-04-08T09:35:29+00:00\",\"breadcrumb\":{\"@id\":\"https:\\\/\\\/www.cortecarezzabella.com\\\/it\\\/azienda-biologica\\\/#breadcrumb\"},\"inLanguage\":\"it-IT\",\"potentialAction\":[{\"@type\":\"ReadAction\",\"target\":[\"https:\\\/\\\/www.cortecarezzabella.com\\\/it\\\/azienda-biologica\\\/\"]}]},{\"@type\":\"ImageObject\",\"inLanguage\":\"it-IT\",\"@id\":\"https:\\\/\\\/www.cortecarezzabella.com\\\/it\\\/azienda-biologica\\\/#primaryimage\",\"url\":\"https:\\\/\\\/www.cortecarezzabella.com\\\/wp-content\\\/uploads\\\/2021\\\/10\\\/Green-Organic-Quote-Poster-1.png\",\"contentUrl\":\"https:\\\/\\\/www.cortecarezzabella.com\\\/wp-content\\\/uploads\\\/2021\\\/10\\\/Green-Organic-Quote-Poster-1.png\",\"width\":1588,\"height\":2245},{\"@type\":\"BreadcrumbList\",\"@id\":\"https:\\\/\\\/www.cortecarezzabella.com\\\/it\\\/azienda-biologica\\\/#breadcrumb\",\"itemListElement\":[{\"@type\":\"ListItem\",\"position\":1,\"name\":\"Home\",\"item\":\"https:\\\/\\\/www.cortecarezzabella.com\\\/it\\\/\"},{\"@type\":\"ListItem\",\"position\":2,\"name\":\"L&#8217;azienda biologica\"}]},{\"@type\":\"WebSite\",\"@id\":\"https:\\\/\\\/www.cortecarezzabella.com\\\/it\\\/#website\",\"url\":\"https:\\\/\\\/www.cortecarezzabella.com\\\/it\\\/\",\"name\":\"Corte Carezzabella\",\"description\":\"Agriturismo Corte Carezzabella\",\"publisher\":{\"@id\":\"https:\\\/\\\/www.cortecarezzabella.com\\\/it\\\/#organization\"},\"potentialAction\":[{\"@type\":\"SearchAction\",\"target\":{\"@type\":\"EntryPoint\",\"urlTemplate\":\"https:\\\/\\\/www.cortecarezzabella.com\\\/it\\\/?s={search_term_string}\"},\"query-input\":{\"@type\":\"PropertyValueSpecification\",\"valueRequired\":true,\"valueName\":\"search_term_string\"}}],\"inLanguage\":\"it-IT\"},{\"@type\":\"Organization\",\"@id\":\"https:\\\/\\\/www.cortecarezzabella.com\\\/it\\\/#organization\",\"name\":\"IL FRUTTETO DI SAN MARTINO S.S.\",\"url\":\"https:\\\/\\\/www.cortecarezzabella.com\\\/it\\\/\",\"logo\":{\"@type\":\"ImageObject\",\"inLanguage\":\"it-IT\",\"@id\":\"https:\\\/\\\/www.cortecarezzabella.com\\\/it\\\/#\\\/schema\\\/logo\\\/image\\\/\",\"url\":\"https:\\\/\\\/www.cortecarezzabella.com\\\/wp-content\\\/uploads\\\/2020\\\/03\\\/LOGO_laBottega-posta-elttr-piccola.jpg\",\"contentUrl\":\"https:\\\/\\\/www.cortecarezzabella.com\\\/wp-content\\\/uploads\\\/2020\\\/03\\\/LOGO_laBottega-posta-elttr-piccola.jpg\",\"width\":160,\"height\":115,\"caption\":\"IL FRUTTETO DI SAN MARTINO S.S.\"},\"image\":{\"@id\":\"https:\\\/\\\/www.cortecarezzabella.com\\\/it\\\/#\\\/schema\\\/logo\\\/image\\\/\"}}]}<\/script>\n<!-- \/ Yoast SEO plugin. -->","yoast_head_json":{"title":"L'azienda biologica","robots":{"index":"index","follow":"follow","max-snippet":"max-snippet:-1","max-image-preview":"max-image-preview:large","max-video-preview":"max-video-preview:-1"},"canonical":"https:\/\/www.cortecarezzabella.com\/it\/azienda-biologica\/","og_locale":"it_IT","og_type":"article","og_title":"L'azienda biologica","og_description":"&#8211; L&#8217;azienda biologica &#8211; Corte Carezzabella \u00e8 un&#8217;azienda agricola&nbsp;biologica&nbsp;a poche centinaia di metri dal fiume Adige nel paese di San Martino di Venezze, vicino a&nbsp;Rovigo, capoluogo del Polesine. Negli ultimi anni abbiamo deciso di concentrare le nostre forze sulla ri-naturalizzazione dell&#8217;azienda agricola, incentivando la biodiversit\u00e0 animale e vegetale e intraprendendo la coltivazione con metodo biologico, [&hellip;]","og_url":"https:\/\/www.cortecarezzabella.com\/it\/azienda-biologica\/","og_site_name":"Corte Carezzabella","article_modified_time":"2025-04-08T09:35:29+00:00","og_image":[{"width":1588,"height":2245,"url":"https:\/\/www.cortecarezzabella.com\/wp-content\/uploads\/2021\/10\/Green-Organic-Quote-Poster-1.png","type":"image\/png"}],"twitter_card":"summary_large_image","twitter_misc":{"Tempo di lettura stimato":"3 minuti"},"schema":{"@context":"https:\/\/schema.org","@graph":[{"@type":"WebPage","@id":"https:\/\/www.cortecarezzabella.com\/it\/azienda-biologica\/","url":"https:\/\/www.cortecarezzabella.com\/it\/azienda-biologica\/","name":"L'azienda biologica","isPartOf":{"@id":"https:\/\/www.cortecarezzabella.com\/it\/#website"},"primaryImageOfPage":{"@id":"https:\/\/www.cortecarezzabella.com\/it\/azienda-biologica\/#primaryimage"},"image":{"@id":"https:\/\/www.cortecarezzabella.com\/it\/azienda-biologica\/#primaryimage"},"thumbnailUrl":"https:\/\/www.cortecarezzabella.com\/wp-content\/uploads\/2021\/10\/Green-Organic-Quote-Poster-1.png","datePublished":"2017-05-31T15:02:58+00:00","dateModified":"2025-04-08T09:35:29+00:00","breadcrumb":{"@id":"https:\/\/www.cortecarezzabella.com\/it\/azienda-biologica\/#breadcrumb"},"inLanguage":"it-IT","potentialAction":[{"@type":"ReadAction","target":["https:\/\/www.cortecarezzabella.com\/it\/azienda-biologica\/"]}]},{"@type":"ImageObject","inLanguage":"it-IT","@id":"https:\/\/www.cortecarezzabella.com\/it\/azienda-biologica\/#primaryimage","url":"https:\/\/www.cortecarezzabella.com\/wp-content\/uploads\/2021\/10\/Green-Organic-Quote-Poster-1.png","contentUrl":"https:\/\/www.cortecarezzabella.com\/wp-content\/uploads\/2021\/10\/Green-Organic-Quote-Poster-1.png","width":1588,"height":2245},{"@type":"BreadcrumbList","@id":"https:\/\/www.cortecarezzabella.com\/it\/azienda-biologica\/#breadcrumb","itemListElement":[{"@type":"ListItem","position":1,"name":"Home","item":"https:\/\/www.cortecarezzabella.com\/it\/"},{"@type":"ListItem","position":2,"name":"L&#8217;azienda biologica"}]},{"@type":"WebSite","@id":"https:\/\/www.cortecarezzabella.com\/it\/#website","url":"https:\/\/www.cortecarezzabella.com\/it\/","name":"Corte Carezzabella","description":"Agriturismo Corte Carezzabella","publisher":{"@id":"https:\/\/www.cortecarezzabella.com\/it\/#organization"},"potentialAction":[{"@type":"SearchAction","target":{"@type":"EntryPoint","urlTemplate":"https:\/\/www.cortecarezzabella.com\/it\/?s={search_term_string}"},"query-input":{"@type":"PropertyValueSpecification","valueRequired":true,"valueName":"search_term_string"}}],"inLanguage":"it-IT"},{"@type":"Organization","@id":"https:\/\/www.cortecarezzabella.com\/it\/#organization","name":"IL FRUTTETO DI SAN MARTINO S.S.","url":"https:\/\/www.cortecarezzabella.com\/it\/","logo":{"@type":"ImageObject","inLanguage":"it-IT","@id":"https:\/\/www.cortecarezzabella.com\/it\/#\/schema\/logo\/image\/","url":"https:\/\/www.cortecarezzabella.com\/wp-content\/uploads\/2020\/03\/LOGO_laBottega-posta-elttr-piccola.jpg","contentUrl":"https:\/\/www.cortecarezzabella.com\/wp-content\/uploads\/2020\/03\/LOGO_laBottega-posta-elttr-piccola.jpg","width":160,"height":115,"caption":"IL FRUTTETO DI SAN MARTINO S.S."},"image":{"@id":"https:\/\/www.cortecarezzabella.com\/it\/#\/schema\/logo\/image\/"}}]}},"_links":{"self":[{"href":"https:\/\/www.cortecarezzabella.com\/it\/wp-json\/wp\/v2\/pages\/736","targetHints":{"allow":["GET"]}}],"collection":[{"href":"https:\/\/www.cortecarezzabella.com\/it\/wp-json\/wp\/v2\/pages"}],"about":[{"href":"https:\/\/www.cortecarezzabella.com\/it\/wp-json\/wp\/v2\/types\/page"}],"author":[{"embeddable":true,"href":"https:\/\/www.cortecarezzabella.com\/it\/wp-json\/wp\/v2\/users\/1"}],"replies":[{"embeddable":true,"href":"https:\/\/www.cortecarezzabella.com\/it\/wp-json\/wp\/v2\/comments?post=736"}],"version-history":[{"count":14,"href":"https:\/\/www.cortecarezzabella.com\/it\/wp-json\/wp\/v2\/pages\/736\/revisions"}],"predecessor-version":[{"id":14886,"href":"https:\/\/www.cortecarezzabella.com\/it\/wp-json\/wp\/v2\/pages\/736\/revisions\/14886"}],"wp:featuredmedia":[{"embeddable":true,"href":"https:\/\/www.cortecarezzabella.com\/it\/wp-json\/wp\/v2\/media\/14483"}],"wp:attachment":[{"href":"https:\/\/www.cortecarezzabella.com\/it\/wp-json\/wp\/v2\/media?parent=736"}],"curies":[{"name":"wp","href":"https:\/\/api.w.org\/{rel}","templated":true}]}}