{"id":192,"date":"2017-05-10T12:28:59","date_gmt":"2017-05-10T10:28:59","guid":{"rendered":"https:\/\/www.cortecarezzabella.com\/?page_id=192"},"modified":"2020-03-02T15:10:27","modified_gmt":"2020-03-02T14:10:27","slug":"camere","status":"publish","type":"page","link":"https:\/\/www.cortecarezzabella.com\/it\/camere\/","title":{"rendered":"Camere"},"content":{"rendered":"<h1 style=\"text-align: center;\">&#8211; Le nostre Camere &#8211;<\/h1>\n<h5 style=\"text-align: left;\"><strong>Suite con soppalco<\/strong><\/h5>\n<p>Pi\u00f9 che una semplice camera, si tratta di un <strong>monolocale<\/strong> in cui lo spazio \u00e8 suddiviso in altezza da un soppalco mansardato, dove si trova la zona notte. La zona giorno al piano di ingresso \u00e8 arredato con cura, con divanetto o poltrone, tavolo, televisione ed un ampio bagno privato con doccia.<\/p>\n<p>Per questo le suite sono adatte per una <strong>fuga romantica<\/strong> di un solo weekend come per un <strong>soggiorno prolungato per<\/strong>&nbsp;<strong>tutta la famiglia<\/strong>.<\/p>\n<p>Abbiamo infatti previsto che in alcune suite sia possibile l&#8217;aggiunta di uno o due letti singoli nella zona giorno, al posto del divano, per poter alloggiare insieme tutta la famiglia o un gruppo di amici. Alcune <strong>culle<\/strong> per bimbi fino a 3 anni sono a disposizione gratuitamente.<\/p>\n<h5><strong>Camera doppia standard<\/strong><\/h5>\n<p>Due camere si sviluppano su un unico piano, con bagno doccia interno. L\u2019assenza di scale e l\u2019adeguamento dei servizi le rende adatte ad accogliere anche persone con disabilit\u00e0 motorie. Si trata di due camere doppie con possibilit\u00e0 di aggiungere un eventuale 3\u00b0 letto.<\/p>\n<p><span style=\"text-decoration: underline;\">Dotazioni comuni a tutti gli alloggi<\/span>:<\/p>\n<p>aria condizionata e riscaldamento autonomi<\/p>\n<p>televisione lcd<\/p>\n<p>telefono per chiamate interne<\/p>\n<p>piccolo frigorifero<\/p>\n<p>bollitore<\/p>\n<p>bagno con doccia e fon<\/p>\n\n\t\t<style type=\"text\/css\">\n\t\t\t#gallery-1 {\n\t\t\t\tmargin: auto;\n\t\t\t}\n\t\t\t#gallery-1 .gallery-item {\n\t\t\t\tfloat: left;\n\t\t\t\tmargin-top: 10px;\n\t\t\t\ttext-align: center;\n\t\t\t\twidth: 33%;\n\t\t\t}\n\t\t\t#gallery-1 img {\n\t\t\t\tborder: 2px solid #cfcfcf;\n\t\t\t}\n\t\t\t#gallery-1 .gallery-caption {\n\t\t\t\tmargin-left: 0;\n\t\t\t}\n\t\t\t\/* see gallery_shortcode() in wp-includes\/media.php *\/\n\t\t<\/style>\n\t\t<div id='gallery-1' class='gallery galleryid-192 gallery-columns-3 gallery-size-medium'><dl class='gallery-item'>\n\t\t\t<dt class='gallery-icon landscape'>\n\t\t\t\t<a href='https:\/\/www.cortecarezzabella.com\/wp-content\/uploads\/2019\/01\/IMG_4155-copy.jpg' title=\"\" data-rl_title=\"\" class=\"rl-gallery-link\" data-rl_caption=\"\" data-rel=\"lightbox-gallery-1\"><img loading=\"lazy\" decoding=\"async\" width=\"700\" height=\"467\" src=\"https:\/\/www.cortecarezzabella.com\/wp-content\/uploads\/2019\/01\/IMG_4155-copy-700x467.jpg\" class=\"attachment-medium size-medium\" alt=\"\" srcset=\"https:\/\/www.cortecarezzabella.com\/wp-content\/uploads\/2019\/01\/IMG_4155-copy-700x467.jpg 700w, https:\/\/www.cortecarezzabella.com\/wp-content\/uploads\/2019\/01\/IMG_4155-copy-500x333.jpg 500w, https:\/\/www.cortecarezzabella.com\/wp-content\/uploads\/2019\/01\/IMG_4155-copy-768x512.jpg 768w, https:\/\/www.cortecarezzabella.com\/wp-content\/uploads\/2019\/01\/IMG_4155-copy-1024x683.jpg 1024w, https:\/\/www.cortecarezzabella.com\/wp-content\/uploads\/2019\/01\/IMG_4155-copy.jpg 1600w\" sizes=\"auto, (max-width: 700px) 100vw, 700px\" \/><\/a>\n\t\t\t<\/dt><\/dl><dl class='gallery-item'>\n\t\t\t<dt class='gallery-icon landscape'>\n\t\t\t\t<a href='https:\/\/www.cortecarezzabella.com\/wp-content\/uploads\/2019\/01\/IMG_4101-copy.jpg' title=\"\" data-rl_title=\"\" class=\"rl-gallery-link\" data-rl_caption=\"\" data-rel=\"lightbox-gallery-1\"><img loading=\"lazy\" decoding=\"async\" width=\"700\" height=\"467\" src=\"https:\/\/www.cortecarezzabella.com\/wp-content\/uploads\/2019\/01\/IMG_4101-copy-700x467.jpg\" class=\"attachment-medium size-medium\" alt=\"\" srcset=\"https:\/\/www.cortecarezzabella.com\/wp-content\/uploads\/2019\/01\/IMG_4101-copy-700x467.jpg 700w, https:\/\/www.cortecarezzabella.com\/wp-content\/uploads\/2019\/01\/IMG_4101-copy-500x333.jpg 500w, https:\/\/www.cortecarezzabella.com\/wp-content\/uploads\/2019\/01\/IMG_4101-copy-768x512.jpg 768w, https:\/\/www.cortecarezzabella.com\/wp-content\/uploads\/2019\/01\/IMG_4101-copy-1024x683.jpg 1024w, https:\/\/www.cortecarezzabella.com\/wp-content\/uploads\/2019\/01\/IMG_4101-copy.jpg 1600w\" sizes=\"auto, (max-width: 700px) 100vw, 700px\" \/><\/a>\n\t\t\t<\/dt><\/dl><dl class='gallery-item'>\n\t\t\t<dt class='gallery-icon landscape'>\n\t\t\t\t<a href='https:\/\/www.cortecarezzabella.com\/wp-content\/uploads\/2017\/05\/bedroom-upstairs.jpg' title=\"\" data-rl_title=\"\" class=\"rl-gallery-link\" data-rl_caption=\"\" data-rel=\"lightbox-gallery-1\"><img loading=\"lazy\" decoding=\"async\" width=\"700\" height=\"465\" src=\"https:\/\/www.cortecarezzabella.com\/wp-content\/uploads\/2017\/05\/bedroom-upstairs-700x465.jpg\" class=\"attachment-medium size-medium\" alt=\"\" aria-describedby=\"gallery-1-584\" srcset=\"https:\/\/www.cortecarezzabella.com\/wp-content\/uploads\/2017\/05\/bedroom-upstairs.jpg 700w, https:\/\/www.cortecarezzabella.com\/wp-content\/uploads\/2017\/05\/bedroom-upstairs-500x332.jpg 500w\" sizes=\"auto, (max-width: 700px) 100vw, 700px\" \/><\/a>\n\t\t\t<\/dt>\n\t\t\t\t<dd class='wp-caption-text gallery-caption' id='gallery-1-584'>\n\t\t\t\tSoppalco camera monolocale suite\n\t\t\t\t<\/dd><\/dl><br style=\"clear: both\" \/><dl class='gallery-item'>\n\t\t\t<dt class='gallery-icon landscape'>\n\t\t\t\t<a href='https:\/\/www.cortecarezzabella.com\/wp-content\/uploads\/2019\/01\/IMG_3883-copy.jpg' title=\"\" data-rl_title=\"\" class=\"rl-gallery-link\" data-rl_caption=\"\" data-rel=\"lightbox-gallery-1\"><img loading=\"lazy\" decoding=\"async\" width=\"700\" height=\"467\" src=\"https:\/\/www.cortecarezzabella.com\/wp-content\/uploads\/2019\/01\/IMG_3883-copy-700x467.jpg\" class=\"attachment-medium size-medium\" alt=\"\" srcset=\"https:\/\/www.cortecarezzabella.com\/wp-content\/uploads\/2019\/01\/IMG_3883-copy-700x467.jpg 700w, https:\/\/www.cortecarezzabella.com\/wp-content\/uploads\/2019\/01\/IMG_3883-copy-500x333.jpg 500w, https:\/\/www.cortecarezzabella.com\/wp-content\/uploads\/2019\/01\/IMG_3883-copy-768x512.jpg 768w, https:\/\/www.cortecarezzabella.com\/wp-content\/uploads\/2019\/01\/IMG_3883-copy-1024x683.jpg 1024w, https:\/\/www.cortecarezzabella.com\/wp-content\/uploads\/2019\/01\/IMG_3883-copy.jpg 1600w\" sizes=\"auto, (max-width: 700px) 100vw, 700px\" \/><\/a>\n\t\t\t<\/dt><\/dl><dl class='gallery-item'>\n\t\t\t<dt class='gallery-icon landscape'>\n\t\t\t\t<a href='https:\/\/www.cortecarezzabella.com\/wp-content\/uploads\/2019\/01\/IMG_3694-copy.jpg' title=\"\" data-rl_title=\"\" class=\"rl-gallery-link\" data-rl_caption=\"\" data-rel=\"lightbox-gallery-1\"><img loading=\"lazy\" decoding=\"async\" width=\"700\" height=\"467\" src=\"https:\/\/www.cortecarezzabella.com\/wp-content\/uploads\/2019\/01\/IMG_3694-copy-700x467.jpg\" class=\"attachment-medium size-medium\" alt=\"\" srcset=\"https:\/\/www.cortecarezzabella.com\/wp-content\/uploads\/2019\/01\/IMG_3694-copy-700x467.jpg 700w, https:\/\/www.cortecarezzabella.com\/wp-content\/uploads\/2019\/01\/IMG_3694-copy-500x333.jpg 500w, https:\/\/www.cortecarezzabella.com\/wp-content\/uploads\/2019\/01\/IMG_3694-copy-768x512.jpg 768w, https:\/\/www.cortecarezzabella.com\/wp-content\/uploads\/2019\/01\/IMG_3694-copy-1024x683.jpg 1024w, https:\/\/www.cortecarezzabella.com\/wp-content\/uploads\/2019\/01\/IMG_3694-copy.jpg 1200w\" sizes=\"auto, (max-width: 700px) 100vw, 700px\" \/><\/a>\n\t\t\t<\/dt><\/dl><dl class='gallery-item'>\n\t\t\t<dt class='gallery-icon portrait'>\n\t\t\t\t<a href='https:\/\/www.cortecarezzabella.com\/wp-content\/uploads\/2019\/01\/IMG_4098-copy.jpg' title=\"\" data-rl_title=\"\" class=\"rl-gallery-link\" data-rl_caption=\"\" data-rel=\"lightbox-gallery-1\"><img loading=\"lazy\" decoding=\"async\" width=\"320\" height=\"480\" src=\"https:\/\/www.cortecarezzabella.com\/wp-content\/uploads\/2019\/01\/IMG_4098-copy-320x480.jpg\" class=\"attachment-medium size-medium\" alt=\"\" srcset=\"https:\/\/www.cortecarezzabella.com\/wp-content\/uploads\/2019\/01\/IMG_4098-copy-320x480.jpg 320w, https:\/\/www.cortecarezzabella.com\/wp-content\/uploads\/2019\/01\/IMG_4098-copy-500x750.jpg 500w, https:\/\/www.cortecarezzabella.com\/wp-content\/uploads\/2019\/01\/IMG_4098-copy-768x1152.jpg 768w, https:\/\/www.cortecarezzabella.com\/wp-content\/uploads\/2019\/01\/IMG_4098-copy-467x700.jpg 467w, https:\/\/www.cortecarezzabella.com\/wp-content\/uploads\/2019\/01\/IMG_4098-copy.jpg 853w\" sizes=\"auto, (max-width: 320px) 100vw, 320px\" \/><\/a>\n\t\t\t<\/dt><\/dl><br style=\"clear: both\" \/><dl class='gallery-item'>\n\t\t\t<dt class='gallery-icon landscape'>\n\t\t\t\t<a href='https:\/\/www.cortecarezzabella.com\/wp-content\/uploads\/2019\/01\/IMG_4093-copy.jpg' title=\"\" data-rl_title=\"\" class=\"rl-gallery-link\" data-rl_caption=\"\" data-rel=\"lightbox-gallery-1\"><img loading=\"lazy\" decoding=\"async\" width=\"700\" height=\"467\" src=\"https:\/\/www.cortecarezzabella.com\/wp-content\/uploads\/2019\/01\/IMG_4093-copy-700x467.jpg\" class=\"attachment-medium size-medium\" alt=\"\" srcset=\"https:\/\/www.cortecarezzabella.com\/wp-content\/uploads\/2019\/01\/IMG_4093-copy-700x467.jpg 700w, https:\/\/www.cortecarezzabella.com\/wp-content\/uploads\/2019\/01\/IMG_4093-copy-500x333.jpg 500w, https:\/\/www.cortecarezzabella.com\/wp-content\/uploads\/2019\/01\/IMG_4093-copy-768x512.jpg 768w, https:\/\/www.cortecarezzabella.com\/wp-content\/uploads\/2019\/01\/IMG_4093-copy-1024x683.jpg 1024w, https:\/\/www.cortecarezzabella.com\/wp-content\/uploads\/2019\/01\/IMG_4093-copy.jpg 1600w\" sizes=\"auto, (max-width: 700px) 100vw, 700px\" \/><\/a>\n\t\t\t<\/dt><\/dl><dl class='gallery-item'>\n\t\t\t<dt class='gallery-icon landscape'>\n\t\t\t\t<a href='https:\/\/www.cortecarezzabella.com\/wp-content\/uploads\/2019\/01\/IMG_4009-copy.jpg' title=\"\" data-rl_title=\"\" class=\"rl-gallery-link\" data-rl_caption=\"\" data-rel=\"lightbox-gallery-1\"><img loading=\"lazy\" decoding=\"async\" width=\"700\" height=\"467\" src=\"https:\/\/www.cortecarezzabella.com\/wp-content\/uploads\/2019\/01\/IMG_4009-copy-700x467.jpg\" class=\"attachment-medium size-medium\" alt=\"\" srcset=\"https:\/\/www.cortecarezzabella.com\/wp-content\/uploads\/2019\/01\/IMG_4009-copy-700x467.jpg 700w, https:\/\/www.cortecarezzabella.com\/wp-content\/uploads\/2019\/01\/IMG_4009-copy-500x333.jpg 500w, https:\/\/www.cortecarezzabella.com\/wp-content\/uploads\/2019\/01\/IMG_4009-copy-768x512.jpg 768w, https:\/\/www.cortecarezzabella.com\/wp-content\/uploads\/2019\/01\/IMG_4009-copy-1024x683.jpg 1024w, https:\/\/www.cortecarezzabella.com\/wp-content\/uploads\/2019\/01\/IMG_4009-copy.jpg 1600w\" sizes=\"auto, (max-width: 700px) 100vw, 700px\" \/><\/a>\n\t\t\t<\/dt><\/dl><dl class='gallery-item'>\n\t\t\t<dt class='gallery-icon landscape'>\n\t\t\t\t<a href='https:\/\/www.cortecarezzabella.com\/wp-content\/uploads\/2017\/05\/IMG_1993-scaled.jpg' title=\"\" data-rl_title=\"\" class=\"rl-gallery-link\" data-rl_caption=\"\" data-rel=\"lightbox-gallery-1\"><img loading=\"lazy\" decoding=\"async\" width=\"700\" height=\"467\" src=\"https:\/\/www.cortecarezzabella.com\/wp-content\/uploads\/2017\/05\/IMG_1993-700x467.jpg\" class=\"attachment-medium size-medium\" alt=\"\" aria-describedby=\"gallery-1-583\" srcset=\"https:\/\/www.cortecarezzabella.com\/wp-content\/uploads\/2017\/05\/IMG_1993-700x467.jpg 700w, https:\/\/www.cortecarezzabella.com\/wp-content\/uploads\/2017\/05\/IMG_1993-scaled-500x333.jpg 500w, https:\/\/www.cortecarezzabella.com\/wp-content\/uploads\/2017\/05\/IMG_1993-768x512.jpg 768w, https:\/\/www.cortecarezzabella.com\/wp-content\/uploads\/2017\/05\/IMG_1993-1024x683.jpg 1024w\" sizes=\"auto, (max-width: 700px) 100vw, 700px\" \/><\/a>\n\t\t\t<\/dt>\n\t\t\t\t<dd class='wp-caption-text gallery-caption' id='gallery-1-583'>\n\t\t\t\tCamera standard\n\t\t\t\t<\/dd><\/dl><br style=\"clear: both\" \/><dl class='gallery-item'>\n\t\t\t<dt class='gallery-icon landscape'>\n\t\t\t\t<a href='https:\/\/www.cortecarezzabella.com\/wp-content\/uploads\/2017\/05\/IMG_1980-scaled.jpg' title=\"\" data-rl_title=\"\" class=\"rl-gallery-link\" data-rl_caption=\"\" data-rel=\"lightbox-gallery-1\"><img loading=\"lazy\" decoding=\"async\" width=\"700\" height=\"467\" src=\"https:\/\/www.cortecarezzabella.com\/wp-content\/uploads\/2017\/05\/IMG_1980-700x467.jpg\" class=\"attachment-medium size-medium\" alt=\"\" aria-describedby=\"gallery-1-581\" srcset=\"https:\/\/www.cortecarezzabella.com\/wp-content\/uploads\/2017\/05\/IMG_1980-700x467.jpg 700w, https:\/\/www.cortecarezzabella.com\/wp-content\/uploads\/2017\/05\/IMG_1980-scaled-500x333.jpg 500w, https:\/\/www.cortecarezzabella.com\/wp-content\/uploads\/2017\/05\/IMG_1980-768x512.jpg 768w, https:\/\/www.cortecarezzabella.com\/wp-content\/uploads\/2017\/05\/IMG_1980-1024x683.jpg 1024w\" sizes=\"auto, (max-width: 700px) 100vw, 700px\" \/><\/a>\n\t\t\t<\/dt>\n\t\t\t\t<dd class='wp-caption-text gallery-caption' id='gallery-1-581'>\n\t\t\t\tCamera standard con due letti\n\t\t\t\t<\/dd><\/dl><dl class='gallery-item'>\n\t\t\t<dt class='gallery-icon landscape'>\n\t\t\t\t<a href='https:\/\/www.cortecarezzabella.com\/wp-content\/uploads\/2019\/01\/IMG_4347-copy.jpg' title=\"\" data-rl_title=\"\" class=\"rl-gallery-link\" data-rl_caption=\"\" data-rel=\"lightbox-gallery-1\"><img loading=\"lazy\" decoding=\"async\" width=\"700\" height=\"467\" src=\"https:\/\/www.cortecarezzabella.com\/wp-content\/uploads\/2019\/01\/IMG_4347-copy-700x467.jpg\" class=\"attachment-medium size-medium\" alt=\"\" srcset=\"https:\/\/www.cortecarezzabella.com\/wp-content\/uploads\/2019\/01\/IMG_4347-copy-700x467.jpg 700w, https:\/\/www.cortecarezzabella.com\/wp-content\/uploads\/2019\/01\/IMG_4347-copy-500x333.jpg 500w, https:\/\/www.cortecarezzabella.com\/wp-content\/uploads\/2019\/01\/IMG_4347-copy-768x512.jpg 768w, https:\/\/www.cortecarezzabella.com\/wp-content\/uploads\/2019\/01\/IMG_4347-copy-1024x683.jpg 1024w, https:\/\/www.cortecarezzabella.com\/wp-content\/uploads\/2019\/01\/IMG_4347-copy.jpg 1600w\" sizes=\"auto, (max-width: 700px) 100vw, 700px\" \/><\/a>\n\t\t\t<\/dt><\/dl><dl class='gallery-item'>\n\t\t\t<dt class='gallery-icon landscape'>\n\t\t\t\t<a href='https:\/\/www.cortecarezzabella.com\/wp-content\/uploads\/2019\/01\/IMG_4279-copy.jpg' title=\"\" data-rl_title=\"\" class=\"rl-gallery-link\" data-rl_caption=\"\" data-rel=\"lightbox-gallery-1\"><img loading=\"lazy\" decoding=\"async\" width=\"700\" height=\"467\" src=\"https:\/\/www.cortecarezzabella.com\/wp-content\/uploads\/2019\/01\/IMG_4279-copy-700x467.jpg\" class=\"attachment-medium size-medium\" alt=\"\" srcset=\"https:\/\/www.cortecarezzabella.com\/wp-content\/uploads\/2019\/01\/IMG_4279-copy-700x467.jpg 700w, https:\/\/www.cortecarezzabella.com\/wp-content\/uploads\/2019\/01\/IMG_4279-copy-500x333.jpg 500w, https:\/\/www.cortecarezzabella.com\/wp-content\/uploads\/2019\/01\/IMG_4279-copy-768x512.jpg 768w, https:\/\/www.cortecarezzabella.com\/wp-content\/uploads\/2019\/01\/IMG_4279-copy-1024x683.jpg 1024w, https:\/\/www.cortecarezzabella.com\/wp-content\/uploads\/2019\/01\/IMG_4279-copy.jpg 1600w\" sizes=\"auto, (max-width: 700px) 100vw, 700px\" \/><\/a>\n\t\t\t<\/dt><\/dl><br style=\"clear: both\" \/><dl class='gallery-item'>\n\t\t\t<dt class='gallery-icon portrait'>\n\t\t\t\t<a href='https:\/\/www.cortecarezzabella.com\/wp-content\/uploads\/2019\/01\/IMG_3934-copy.jpg' title=\"\" data-rl_title=\"\" class=\"rl-gallery-link\" data-rl_caption=\"\" data-rel=\"lightbox-gallery-1\"><img loading=\"lazy\" decoding=\"async\" width=\"320\" height=\"480\" src=\"https:\/\/www.cortecarezzabella.com\/wp-content\/uploads\/2019\/01\/IMG_3934-copy-320x480.jpg\" class=\"attachment-medium size-medium\" alt=\"\" srcset=\"https:\/\/www.cortecarezzabella.com\/wp-content\/uploads\/2019\/01\/IMG_3934-copy-320x480.jpg 320w, https:\/\/www.cortecarezzabella.com\/wp-content\/uploads\/2019\/01\/IMG_3934-copy-500x750.jpg 500w, https:\/\/www.cortecarezzabella.com\/wp-content\/uploads\/2019\/01\/IMG_3934-copy-768x1152.jpg 768w, https:\/\/www.cortecarezzabella.com\/wp-content\/uploads\/2019\/01\/IMG_3934-copy-467x700.jpg 467w, https:\/\/www.cortecarezzabella.com\/wp-content\/uploads\/2019\/01\/IMG_3934-copy.jpg 853w\" sizes=\"auto, (max-width: 320px) 100vw, 320px\" \/><\/a>\n\t\t\t<\/dt><\/dl>\n\t\t\t<br style='clear: both' \/>\n\t\t<\/div>\n\n","protected":false},"excerpt":{"rendered":"<p>&#8211; Le nostre Camere &#8211; Suite con soppalco Pi\u00f9 che una semplice camera, si tratta di un monolocale in cui lo spazio \u00e8 suddiviso in altezza da un soppalco mansardato, dove si trova la zona notte. La zona giorno al piano di ingresso \u00e8 arredato con cura, con divanetto o poltrone, tavolo, televisione ed un [&hellip;]<\/p>\n","protected":false},"author":1,"featured_media":204,"parent":0,"menu_order":0,"comment_status":"closed","ping_status":"closed","template":"page-camere.php","meta":{"_acf_changed":false,"ngg_post_thumbnail":0,"footnotes":""},"class_list":["post-192","page","type-page","status-publish","has-post-thumbnail","hentry"],"acf":[],"yoast_head":"<!-- This site is optimized with the Yoast SEO plugin v27.5 - https:\/\/yoast.com\/product\/yoast-seo-wordpress\/ -->\n<title>Camere<\/title>\n<meta name=\"robots\" content=\"index, follow, max-snippet:-1, max-image-preview:large, max-video-preview:-1\" \/>\n<link rel=\"canonical\" href=\"https:\/\/www.cortecarezzabella.com\/it\/camere\/\" \/>\n<meta property=\"og:locale\" content=\"it_IT\" \/>\n<meta property=\"og:type\" content=\"article\" \/>\n<meta property=\"og:title\" content=\"Camere\" \/>\n<meta property=\"og:description\" content=\"&#8211; Le nostre Camere &#8211; Suite con soppalco Pi\u00f9 che una semplice camera, si tratta di un monolocale in cui lo spazio \u00e8 suddiviso in altezza da un soppalco mansardato, dove si trova la zona notte. La zona giorno al piano di ingresso \u00e8 arredato con cura, con divanetto o poltrone, tavolo, televisione ed un [&hellip;]\" \/>\n<meta property=\"og:url\" content=\"https:\/\/www.cortecarezzabella.com\/it\/camere\/\" \/>\n<meta property=\"og:site_name\" content=\"Corte Carezzabella\" \/>\n<meta property=\"article:modified_time\" content=\"2020-03-02T14:10:27+00:00\" \/>\n<meta property=\"og:image\" content=\"https:\/\/www.cortecarezzabella.com\/wp-content\/uploads\/2017\/05\/banner-pagina-appartamento.jpg\" \/>\n\t<meta property=\"og:image:width\" content=\"1400\" \/>\n\t<meta property=\"og:image:height\" content=\"440\" \/>\n\t<meta property=\"og:image:type\" content=\"image\/jpeg\" \/>\n<meta name=\"twitter:card\" content=\"summary_large_image\" \/>\n<meta name=\"twitter:label1\" content=\"Tempo di lettura stimato\" \/>\n\t<meta name=\"twitter:data1\" content=\"1 minuto\" \/>\n<script type=\"application\/ld+json\" class=\"yoast-schema-graph\">{\"@context\":\"https:\\\/\\\/schema.org\",\"@graph\":[{\"@type\":\"WebPage\",\"@id\":\"https:\\\/\\\/www.cortecarezzabella.com\\\/it\\\/camere\\\/\",\"url\":\"https:\\\/\\\/www.cortecarezzabella.com\\\/it\\\/camere\\\/\",\"name\":\"Camere\",\"isPartOf\":{\"@id\":\"https:\\\/\\\/www.cortecarezzabella.com\\\/it\\\/#website\"},\"primaryImageOfPage\":{\"@id\":\"https:\\\/\\\/www.cortecarezzabella.com\\\/it\\\/camere\\\/#primaryimage\"},\"image\":{\"@id\":\"https:\\\/\\\/www.cortecarezzabella.com\\\/it\\\/camere\\\/#primaryimage\"},\"thumbnailUrl\":\"https:\\\/\\\/www.cortecarezzabella.com\\\/wp-content\\\/uploads\\\/2017\\\/05\\\/banner-pagina-appartamento.jpg\",\"datePublished\":\"2017-05-10T10:28:59+00:00\",\"dateModified\":\"2020-03-02T14:10:27+00:00\",\"breadcrumb\":{\"@id\":\"https:\\\/\\\/www.cortecarezzabella.com\\\/it\\\/camere\\\/#breadcrumb\"},\"inLanguage\":\"it-IT\",\"potentialAction\":[{\"@type\":\"ReadAction\",\"target\":[\"https:\\\/\\\/www.cortecarezzabella.com\\\/it\\\/camere\\\/\"]}]},{\"@type\":\"ImageObject\",\"inLanguage\":\"it-IT\",\"@id\":\"https:\\\/\\\/www.cortecarezzabella.com\\\/it\\\/camere\\\/#primaryimage\",\"url\":\"https:\\\/\\\/www.cortecarezzabella.com\\\/wp-content\\\/uploads\\\/2017\\\/05\\\/banner-pagina-appartamento.jpg\",\"contentUrl\":\"https:\\\/\\\/www.cortecarezzabella.com\\\/wp-content\\\/uploads\\\/2017\\\/05\\\/banner-pagina-appartamento.jpg\",\"width\":1400,\"height\":440},{\"@type\":\"BreadcrumbList\",\"@id\":\"https:\\\/\\\/www.cortecarezzabella.com\\\/it\\\/camere\\\/#breadcrumb\",\"itemListElement\":[{\"@type\":\"ListItem\",\"position\":1,\"name\":\"Home\",\"item\":\"https:\\\/\\\/www.cortecarezzabella.com\\\/it\\\/\"},{\"@type\":\"ListItem\",\"position\":2,\"name\":\"Camere\"}]},{\"@type\":\"WebSite\",\"@id\":\"https:\\\/\\\/www.cortecarezzabella.com\\\/it\\\/#website\",\"url\":\"https:\\\/\\\/www.cortecarezzabella.com\\\/it\\\/\",\"name\":\"Corte Carezzabella\",\"description\":\"Agriturismo Corte Carezzabella\",\"publisher\":{\"@id\":\"https:\\\/\\\/www.cortecarezzabella.com\\\/it\\\/#organization\"},\"potentialAction\":[{\"@type\":\"SearchAction\",\"target\":{\"@type\":\"EntryPoint\",\"urlTemplate\":\"https:\\\/\\\/www.cortecarezzabella.com\\\/it\\\/?s={search_term_string}\"},\"query-input\":{\"@type\":\"PropertyValueSpecification\",\"valueRequired\":true,\"valueName\":\"search_term_string\"}}],\"inLanguage\":\"it-IT\"},{\"@type\":\"Organization\",\"@id\":\"https:\\\/\\\/www.cortecarezzabella.com\\\/it\\\/#organization\",\"name\":\"IL FRUTTETO DI SAN MARTINO S.S.\",\"url\":\"https:\\\/\\\/www.cortecarezzabella.com\\\/it\\\/\",\"logo\":{\"@type\":\"ImageObject\",\"inLanguage\":\"it-IT\",\"@id\":\"https:\\\/\\\/www.cortecarezzabella.com\\\/it\\\/#\\\/schema\\\/logo\\\/image\\\/\",\"url\":\"https:\\\/\\\/www.cortecarezzabella.com\\\/wp-content\\\/uploads\\\/2020\\\/03\\\/LOGO_laBottega-posta-elttr-piccola.jpg\",\"contentUrl\":\"https:\\\/\\\/www.cortecarezzabella.com\\\/wp-content\\\/uploads\\\/2020\\\/03\\\/LOGO_laBottega-posta-elttr-piccola.jpg\",\"width\":160,\"height\":115,\"caption\":\"IL FRUTTETO DI SAN MARTINO S.S.\"},\"image\":{\"@id\":\"https:\\\/\\\/www.cortecarezzabella.com\\\/it\\\/#\\\/schema\\\/logo\\\/image\\\/\"}}]}<\/script>\n<!-- \/ Yoast SEO plugin. -->","yoast_head_json":{"title":"Camere","robots":{"index":"index","follow":"follow","max-snippet":"max-snippet:-1","max-image-preview":"max-image-preview:large","max-video-preview":"max-video-preview:-1"},"canonical":"https:\/\/www.cortecarezzabella.com\/it\/camere\/","og_locale":"it_IT","og_type":"article","og_title":"Camere","og_description":"&#8211; Le nostre Camere &#8211; Suite con soppalco Pi\u00f9 che una semplice camera, si tratta di un monolocale in cui lo spazio \u00e8 suddiviso in altezza da un soppalco mansardato, dove si trova la zona notte. La zona giorno al piano di ingresso \u00e8 arredato con cura, con divanetto o poltrone, tavolo, televisione ed un [&hellip;]","og_url":"https:\/\/www.cortecarezzabella.com\/it\/camere\/","og_site_name":"Corte Carezzabella","article_modified_time":"2020-03-02T14:10:27+00:00","og_image":[{"width":1400,"height":440,"url":"https:\/\/www.cortecarezzabella.com\/wp-content\/uploads\/2017\/05\/banner-pagina-appartamento.jpg","type":"image\/jpeg"}],"twitter_card":"summary_large_image","twitter_misc":{"Tempo di lettura stimato":"1 minuto"},"schema":{"@context":"https:\/\/schema.org","@graph":[{"@type":"WebPage","@id":"https:\/\/www.cortecarezzabella.com\/it\/camere\/","url":"https:\/\/www.cortecarezzabella.com\/it\/camere\/","name":"Camere","isPartOf":{"@id":"https:\/\/www.cortecarezzabella.com\/it\/#website"},"primaryImageOfPage":{"@id":"https:\/\/www.cortecarezzabella.com\/it\/camere\/#primaryimage"},"image":{"@id":"https:\/\/www.cortecarezzabella.com\/it\/camere\/#primaryimage"},"thumbnailUrl":"https:\/\/www.cortecarezzabella.com\/wp-content\/uploads\/2017\/05\/banner-pagina-appartamento.jpg","datePublished":"2017-05-10T10:28:59+00:00","dateModified":"2020-03-02T14:10:27+00:00","breadcrumb":{"@id":"https:\/\/www.cortecarezzabella.com\/it\/camere\/#breadcrumb"},"inLanguage":"it-IT","potentialAction":[{"@type":"ReadAction","target":["https:\/\/www.cortecarezzabella.com\/it\/camere\/"]}]},{"@type":"ImageObject","inLanguage":"it-IT","@id":"https:\/\/www.cortecarezzabella.com\/it\/camere\/#primaryimage","url":"https:\/\/www.cortecarezzabella.com\/wp-content\/uploads\/2017\/05\/banner-pagina-appartamento.jpg","contentUrl":"https:\/\/www.cortecarezzabella.com\/wp-content\/uploads\/2017\/05\/banner-pagina-appartamento.jpg","width":1400,"height":440},{"@type":"BreadcrumbList","@id":"https:\/\/www.cortecarezzabella.com\/it\/camere\/#breadcrumb","itemListElement":[{"@type":"ListItem","position":1,"name":"Home","item":"https:\/\/www.cortecarezzabella.com\/it\/"},{"@type":"ListItem","position":2,"name":"Camere"}]},{"@type":"WebSite","@id":"https:\/\/www.cortecarezzabella.com\/it\/#website","url":"https:\/\/www.cortecarezzabella.com\/it\/","name":"Corte Carezzabella","description":"Agriturismo Corte Carezzabella","publisher":{"@id":"https:\/\/www.cortecarezzabella.com\/it\/#organization"},"potentialAction":[{"@type":"SearchAction","target":{"@type":"EntryPoint","urlTemplate":"https:\/\/www.cortecarezzabella.com\/it\/?s={search_term_string}"},"query-input":{"@type":"PropertyValueSpecification","valueRequired":true,"valueName":"search_term_string"}}],"inLanguage":"it-IT"},{"@type":"Organization","@id":"https:\/\/www.cortecarezzabella.com\/it\/#organization","name":"IL FRUTTETO DI SAN MARTINO S.S.","url":"https:\/\/www.cortecarezzabella.com\/it\/","logo":{"@type":"ImageObject","inLanguage":"it-IT","@id":"https:\/\/www.cortecarezzabella.com\/it\/#\/schema\/logo\/image\/","url":"https:\/\/www.cortecarezzabella.com\/wp-content\/uploads\/2020\/03\/LOGO_laBottega-posta-elttr-piccola.jpg","contentUrl":"https:\/\/www.cortecarezzabella.com\/wp-content\/uploads\/2020\/03\/LOGO_laBottega-posta-elttr-piccola.jpg","width":160,"height":115,"caption":"IL FRUTTETO DI SAN MARTINO S.S."},"image":{"@id":"https:\/\/www.cortecarezzabella.com\/it\/#\/schema\/logo\/image\/"}}]}},"_links":{"self":[{"href":"https:\/\/www.cortecarezzabella.com\/it\/wp-json\/wp\/v2\/pages\/192","targetHints":{"allow":["GET"]}}],"collection":[{"href":"https:\/\/www.cortecarezzabella.com\/it\/wp-json\/wp\/v2\/pages"}],"about":[{"href":"https:\/\/www.cortecarezzabella.com\/it\/wp-json\/wp\/v2\/types\/page"}],"author":[{"embeddable":true,"href":"https:\/\/www.cortecarezzabella.com\/it\/wp-json\/wp\/v2\/users\/1"}],"replies":[{"embeddable":true,"href":"https:\/\/www.cortecarezzabella.com\/it\/wp-json\/wp\/v2\/comments?post=192"}],"version-history":[{"count":23,"href":"https:\/\/www.cortecarezzabella.com\/it\/wp-json\/wp\/v2\/pages\/192\/revisions"}],"predecessor-version":[{"id":4912,"href":"https:\/\/www.cortecarezzabella.com\/it\/wp-json\/wp\/v2\/pages\/192\/revisions\/4912"}],"wp:featuredmedia":[{"embeddable":true,"href":"https:\/\/www.cortecarezzabella.com\/it\/wp-json\/wp\/v2\/media\/204"}],"wp:attachment":[{"href":"https:\/\/www.cortecarezzabella.com\/it\/wp-json\/wp\/v2\/media?parent=192"}],"curies":[{"name":"wp","href":"https:\/\/api.w.org\/{rel}","templated":true}]}}