{"version":"1.0","provider_name":"Corte Carezzabella","provider_url":"https:\/\/www.cortecarezzabella.com\/fr\/","title":"V\u00e9los et tandem","type":"rich","width":600,"height":338,"html":"<blockquote class=\"wp-embedded-content\" data-secret=\"nibE9nN4gb\"><a href=\"https:\/\/www.cortecarezzabella.com\/fr\/biciclette-e-tandem\/\">V\u00e9los et tandem<\/a><\/blockquote><iframe sandbox=\"allow-scripts\" security=\"restricted\" src=\"https:\/\/www.cortecarezzabella.com\/fr\/biciclette-e-tandem\/embed\/#?secret=nibE9nN4gb\" width=\"600\" height=\"338\" title=\"&#8220;V\u00e9los et tandem&#8221; &#8212; Corte Carezzabella\" data-secret=\"nibE9nN4gb\" frameborder=\"0\" marginwidth=\"0\" marginheight=\"0\" scrolling=\"no\" class=\"wp-embedded-content\"><\/iframe><script type=\"text\/javascript\">\n\/* <![CDATA[ *\/\n\/*! This file is auto-generated *\/\n!function(d,l){\"use strict\";l.querySelector&&d.addEventListener&&\"undefined\"!=typeof URL&&(d.wp=d.wp||{},d.wp.receiveEmbedMessage||(d.wp.receiveEmbedMessage=function(e){var t=e.data;if((t||t.secret||t.message||t.value)&&!\/[^a-zA-Z0-9]\/.test(t.secret)){for(var s,r,n,a=l.querySelectorAll('iframe[data-secret=\"'+t.secret+'\"]'),o=l.querySelectorAll('blockquote[data-secret=\"'+t.secret+'\"]'),c=new RegExp(\"^https?:$\",\"i\"),i=0;i<o.length;i++)o[i].style.display=\"none\";for(i=0;i<a.length;i++)s=a[i],e.source===s.contentWindow&&(s.removeAttribute(\"style\"),\"height\"===t.message?(1e3<(r=parseInt(t.value,10))?r=1e3:~~r<200&&(r=200),s.height=r):\"link\"===t.message&&(r=new URL(s.getAttribute(\"src\")),n=new URL(t.value),c.test(n.protocol))&&n.host===r.host&&l.activeElement===s&&(d.top.location.href=t.value))}},d.addEventListener(\"message\",d.wp.receiveEmbedMessage,!1),l.addEventListener(\"DOMContentLoaded\",function(){for(var e,t,s=l.querySelectorAll(\"iframe.wp-embedded-content\"),r=0;r<s.length;r++)(t=(e=s[r]).getAttribute(\"data-secret\"))||(t=Math.random().toString(36).substring(2,12),e.src+=\"#?secret=\"+t,e.setAttribute(\"data-secret\",t)),e.contentWindow.postMessage({message:\"ready\",secret:t},\"*\")},!1)))}(window,document);\n\/\/# sourceURL=https:\/\/www.cortecarezzabella.com\/wp-includes\/js\/wp-embed.min.js\n\/* ]]> *\/\n<\/script>\n","description":"&#8211; Vacances \u00e0 v\u00e9los &#8211;&nbsp; Corte Carezzabella est situ\u00e9 dans la campagne pr\u00e8s de la rivi\u00e8re Adige. Les berges de la rivi\u00e8re constituent une vrai piste cyclable. Si vous voulez d\u00e9couvrir le territorire, vous pouves le faire avec le v\u00e9lo! A&#8217; Corte Carezzabella vous pouvez louer un v\u00e9lo ou un tandem et explorer la campagne. [&hellip;]"}