{"id":3992,"date":"2018-01-24T18:03:12","date_gmt":"2018-01-24T17:03:12","guid":{"rendered":"https:\/\/www.cortecarezzabella.com\/?post_type=product&#038;p=3992\/"},"modified":"2025-05-13T09:38:43","modified_gmt":"2025-05-13T07:38:43","slug":"succo-mela-ricarica-bag-3l","status":"publish","type":"product","link":"https:\/\/www.cortecarezzabella.com\/de\/shop\/succo-mela-ricarica-bag-3l\/","title":{"rendered":"Succo di Mela BIO &#8211; ricarica bag 2l"},"content":{"rendered":"<p>Dalla frutta coltivata in regime biologico nella nostra azienda agricola, otteniamo la gamma dei&nbsp;<strong>succhi di frutta.<\/strong><\/p>\n<p><strong>I nostri succhi sono frutta da bere<\/strong>, naturali nel colore e nel gusto. Per la loro genuinit\u00e0 e la dolcezza naturale che deriva da lavorazioni artigianali che preservano la dolcezza della frutta,&nbsp;piacciono ai grandi come ai bambini e si prestano anche alla creativit\u00e0 per ottimi e freschi aperitivi.<\/p>\n<p>&nbsp;<\/p>\n<p>Scopri nello shop tutti i gusti che produciamo nei diversi formati!<\/p>\n","protected":false},"excerpt":{"rendered":"<p>Il&nbsp;<strong>Succo di Mela<\/strong>&nbsp;\u00e8 ottenuto dalla lavorazione delle nostre mele di variet\u00e0 miste, coltivate con&nbsp;<strong>metodo biologico<\/strong>&nbsp;nella nostra azienda agricola a San Martino di Venezze.<\/p>\n<p>Si presenta come un<strong>&nbsp;succo limpido<\/strong>&nbsp;dalla spiccata dolcezza tutta naturale, poich\u00e9 non vi \u00e8 alcuna aggiunta n\u00e8 di zucchero, n\u00e8 di acqua o conservanti:&nbsp;<strong>solo ottime e genuine mele<\/strong>! Per questo \u00e8 adatto anche per chi presta attenzione a non assumere zuccheri raffinati e a nutrirsi con prodotti sani e naturali e ovviamente per i bambini.<\/p>\n<p>Il nostro Succo di mela \u00e8 ottimo fresco, perfetto anche per cocktail alcolici e analcolici. In inverno si consiglia si assaggiarlo anche brul\u00e9, cio\u00e8 riscaldato insieme a spezie quali cannella, chiodi di garofano e scorza di limone.<\/p>\n<p>Puoi acquistare la bag di ricarica se hai gi\u00e0 acquistato un bag-in-box completo di scatola o hai conservato la scatola da un precedente utilizzo. Acquistare soltanto la bag di ricarica ti consentir\u00e0 un piccolo <strong>risparmio<\/strong> ma soprattutto limiter\u00e0 lo spreco di un ulteriore imballaggio, in un&#8217;ottica di<strong> attenzione verso l&#8217;ecologia del nostro pianeta.<\/strong><\/p>\n<p>Abbiamo scelto come confezionamento del nostro succo il <strong>Formato Bag-in-Box <\/strong>perch\u00e8&nbsp;consente di spillare il succo un po\u2019 alla volta garantendone la conservazione per un mese, anche fuori dal frigorifero. Grazie al tappo brevettato infatti&nbsp;il succo esce e l&#8217;aria non entra!<\/p>\n<p>&nbsp;<\/p>\n<p>Succo di mela \u2013 Bag di ricarica da 3l<\/p>\n<p>Senza zuccheri aggiunti<\/p>\n","protected":false},"featured_media":7211,"comment_status":"closed","ping_status":"closed","template":"","meta":{"_acf_changed":false,"ngg_post_thumbnail":0},"product_brand":[],"product_cat":[22],"product_tag":[],"class_list":{"0":"post-3992","1":"product","2":"type-product","3":"status-publish","4":"has-post-thumbnail","6":"product_cat-succhi-di-frutta-biologici","8":"first","9":"outofstock","10":"sale","11":"taxable","12":"shipping-taxable","13":"purchasable","14":"product-type-simple"},"acf":[],"yoast_head":"<!-- This site is optimized with the Yoast SEO plugin v27.5 - https:\/\/yoast.com\/product\/yoast-seo-wordpress\/ -->\n<title>Succo di Mela BIO - ricarica bag 2l &#187; Corte Carezzabella<\/title>\n<meta name=\"robots\" content=\"index, follow, max-snippet:-1, max-image-preview:large, max-video-preview:-1\" \/>\n<link rel=\"canonical\" href=\"https:\/\/www.cortecarezzabella.com\/de\/shop\/succo-mela-ricarica-bag-3l\/\" \/>\n<meta property=\"og:locale\" content=\"de_DE\" \/>\n<meta property=\"og:type\" content=\"article\" \/>\n<meta property=\"og:title\" content=\"Succo di Mela BIO - ricarica bag 2l &#187; Corte Carezzabella\" \/>\n<meta property=\"og:description\" content=\"Il&nbsp;Succo di Mela&nbsp;\u00e8 ottenuto dalla lavorazione delle nostre mele di variet\u00e0 miste, coltivate con&nbsp;metodo biologico&nbsp;nella nostra azienda agricola a San Martino di Venezze.  Si presenta come un&nbsp;succo limpido&nbsp;dalla spiccata dolcezza tutta naturale, poich\u00e9 non vi \u00e8 alcuna aggiunta n\u00e8 di zucchero, n\u00e8 di acqua o conservanti:&nbsp;solo ottime e genuine mele! Per questo \u00e8 adatto anche per chi presta attenzione a non assumere zuccheri raffinati e a nutrirsi con prodotti sani e naturali e ovviamente per i bambini.  Il nostro Succo di mela \u00e8 ottimo fresco, perfetto anche per cocktail alcolici e analcolici. In inverno si consiglia si assaggiarlo anche brul\u00e9, cio\u00e8 riscaldato insieme a spezie quali cannella, chiodi di garofano e scorza di limone.  Puoi acquistare la bag di ricarica se hai gi\u00e0 acquistato un bag-in-box completo di scatola o hai conservato la scatola da un precedente utilizzo. Acquistare soltanto la bag di ricarica ti consentir\u00e0 un piccolo risparmio ma soprattutto limiter\u00e0 lo spreco di un ulteriore imballaggio, in un&#039;ottica di attenzione verso l&#039;ecologia del nostro pianeta.  Abbiamo scelto come confezionamento del nostro succo il Formato Bag-in-Box perch\u00e8&nbsp;consente di spillare il succo un po\u2019 alla volta garantendone la conservazione per un mese, anche fuori dal frigorifero. Grazie al tappo brevettato infatti&nbsp;il succo esce e l&#039;aria non entra!  &nbsp;  Succo di mela \u2013 Bag di ricarica da 3l  Senza zuccheri aggiunti\" \/>\n<meta property=\"og:url\" content=\"https:\/\/www.cortecarezzabella.com\/de\/shop\/succo-mela-ricarica-bag-3l\/\" \/>\n<meta property=\"og:site_name\" content=\"Corte Carezzabella\" \/>\n<meta property=\"article:modified_time\" content=\"2025-05-13T07:38:43+00:00\" \/>\n<meta property=\"og:image\" content=\"https:\/\/www.cortecarezzabella.com\/wp-content\/uploads\/2018\/01\/750_4235-scaled.jpg\" \/>\n\t<meta property=\"og:image:width\" content=\"2560\" \/>\n\t<meta property=\"og:image:height\" content=\"1709\" \/>\n\t<meta property=\"og:image:type\" content=\"image\/jpeg\" \/>\n<meta name=\"twitter:card\" content=\"summary_large_image\" \/>\n<meta name=\"twitter:label1\" content=\"Est. reading time\" \/>\n\t<meta name=\"twitter:data1\" content=\"1 minute\" \/>\n<script type=\"application\/ld+json\" class=\"yoast-schema-graph\">{\"@context\":\"https:\\\/\\\/schema.org\",\"@graph\":[{\"@type\":\"WebPage\",\"@id\":\"https:\\\/\\\/www.cortecarezzabella.com\\\/de\\\/shop\\\/succo-mela-ricarica-bag-3l\\\/\",\"url\":\"https:\\\/\\\/www.cortecarezzabella.com\\\/de\\\/shop\\\/succo-mela-ricarica-bag-3l\\\/\",\"name\":\"Succo di Mela BIO - ricarica bag 2l &#187; Corte Carezzabella\",\"isPartOf\":{\"@id\":\"https:\\\/\\\/www.cortecarezzabella.com\\\/de\\\/#website\"},\"primaryImageOfPage\":{\"@id\":\"https:\\\/\\\/www.cortecarezzabella.com\\\/de\\\/shop\\\/succo-mela-ricarica-bag-3l\\\/#primaryimage\"},\"image\":{\"@id\":\"https:\\\/\\\/www.cortecarezzabella.com\\\/de\\\/shop\\\/succo-mela-ricarica-bag-3l\\\/#primaryimage\"},\"thumbnailUrl\":\"https:\\\/\\\/www.cortecarezzabella.com\\\/wp-content\\\/uploads\\\/2018\\\/01\\\/750_4235-scaled.jpg\",\"datePublished\":\"2018-01-24T17:03:12+00:00\",\"dateModified\":\"2025-05-13T07:38:43+00:00\",\"breadcrumb\":{\"@id\":\"https:\\\/\\\/www.cortecarezzabella.com\\\/de\\\/shop\\\/succo-mela-ricarica-bag-3l\\\/#breadcrumb\"},\"inLanguage\":\"de-DE\",\"potentialAction\":[{\"@type\":\"ReadAction\",\"target\":[\"https:\\\/\\\/www.cortecarezzabella.com\\\/de\\\/shop\\\/succo-mela-ricarica-bag-3l\\\/\"]}]},{\"@type\":\"ImageObject\",\"inLanguage\":\"de-DE\",\"@id\":\"https:\\\/\\\/www.cortecarezzabella.com\\\/de\\\/shop\\\/succo-mela-ricarica-bag-3l\\\/#primaryimage\",\"url\":\"https:\\\/\\\/www.cortecarezzabella.com\\\/wp-content\\\/uploads\\\/2018\\\/01\\\/750_4235-scaled.jpg\",\"contentUrl\":\"https:\\\/\\\/www.cortecarezzabella.com\\\/wp-content\\\/uploads\\\/2018\\\/01\\\/750_4235-scaled.jpg\",\"width\":2560,\"height\":1709},{\"@type\":\"BreadcrumbList\",\"@id\":\"https:\\\/\\\/www.cortecarezzabella.com\\\/de\\\/shop\\\/succo-mela-ricarica-bag-3l\\\/#breadcrumb\",\"itemListElement\":[{\"@type\":\"ListItem\",\"position\":1,\"name\":\"Home\",\"item\":\"https:\\\/\\\/www.cortecarezzabella.com\\\/de\\\/\"},{\"@type\":\"ListItem\",\"position\":2,\"name\":\"Shop online\",\"item\":\"https:\\\/\\\/www.cortecarezzabella.com\\\/de\\\/negozio\\\/\"},{\"@type\":\"ListItem\",\"position\":3,\"name\":\"Succhi di frutta\",\"item\":\"https:\\\/\\\/www.cortecarezzabella.com\\\/de\\\/categoria\\\/succhi-di-frutta-biologici\\\/\"},{\"@type\":\"ListItem\",\"position\":4,\"name\":\"Succo di Mela BIO &#8211; ricarica bag 2l\"}]},{\"@type\":\"WebSite\",\"@id\":\"https:\\\/\\\/www.cortecarezzabella.com\\\/de\\\/#website\",\"url\":\"https:\\\/\\\/www.cortecarezzabella.com\\\/de\\\/\",\"name\":\"Corte Carezzabella\",\"description\":\"Agriturismo Corte Carezzabella\",\"publisher\":{\"@id\":\"https:\\\/\\\/www.cortecarezzabella.com\\\/de\\\/#organization\"},\"potentialAction\":[{\"@type\":\"SearchAction\",\"target\":{\"@type\":\"EntryPoint\",\"urlTemplate\":\"https:\\\/\\\/www.cortecarezzabella.com\\\/de\\\/?s={search_term_string}\"},\"query-input\":{\"@type\":\"PropertyValueSpecification\",\"valueRequired\":true,\"valueName\":\"search_term_string\"}}],\"inLanguage\":\"de-DE\"},{\"@type\":\"Organization\",\"@id\":\"https:\\\/\\\/www.cortecarezzabella.com\\\/de\\\/#organization\",\"name\":\"IL FRUTTETO DI SAN MARTINO S.S.\",\"url\":\"https:\\\/\\\/www.cortecarezzabella.com\\\/de\\\/\",\"logo\":{\"@type\":\"ImageObject\",\"inLanguage\":\"de-DE\",\"@id\":\"https:\\\/\\\/www.cortecarezzabella.com\\\/de\\\/#\\\/schema\\\/logo\\\/image\\\/\",\"url\":\"https:\\\/\\\/www.cortecarezzabella.com\\\/wp-content\\\/uploads\\\/2020\\\/03\\\/LOGO_laBottega-posta-elttr-piccola.jpg\",\"contentUrl\":\"https:\\\/\\\/www.cortecarezzabella.com\\\/wp-content\\\/uploads\\\/2020\\\/03\\\/LOGO_laBottega-posta-elttr-piccola.jpg\",\"width\":160,\"height\":115,\"caption\":\"IL FRUTTETO DI SAN MARTINO S.S.\"},\"image\":{\"@id\":\"https:\\\/\\\/www.cortecarezzabella.com\\\/de\\\/#\\\/schema\\\/logo\\\/image\\\/\"}}]}<\/script>\n<!-- \/ Yoast SEO plugin. -->","yoast_head_json":{"title":"Succo di Mela BIO - ricarica bag 2l &#187; Corte Carezzabella","robots":{"index":"index","follow":"follow","max-snippet":"max-snippet:-1","max-image-preview":"max-image-preview:large","max-video-preview":"max-video-preview:-1"},"canonical":"https:\/\/www.cortecarezzabella.com\/de\/shop\/succo-mela-ricarica-bag-3l\/","og_locale":"de_DE","og_type":"article","og_title":"Succo di Mela BIO - ricarica bag 2l &#187; Corte Carezzabella","og_description":"Il&nbsp;Succo di Mela&nbsp;\u00e8 ottenuto dalla lavorazione delle nostre mele di variet\u00e0 miste, coltivate con&nbsp;metodo biologico&nbsp;nella nostra azienda agricola a San Martino di Venezze.  Si presenta come un&nbsp;succo limpido&nbsp;dalla spiccata dolcezza tutta naturale, poich\u00e9 non vi \u00e8 alcuna aggiunta n\u00e8 di zucchero, n\u00e8 di acqua o conservanti:&nbsp;solo ottime e genuine mele! Per questo \u00e8 adatto anche per chi presta attenzione a non assumere zuccheri raffinati e a nutrirsi con prodotti sani e naturali e ovviamente per i bambini.  Il nostro Succo di mela \u00e8 ottimo fresco, perfetto anche per cocktail alcolici e analcolici. In inverno si consiglia si assaggiarlo anche brul\u00e9, cio\u00e8 riscaldato insieme a spezie quali cannella, chiodi di garofano e scorza di limone.  Puoi acquistare la bag di ricarica se hai gi\u00e0 acquistato un bag-in-box completo di scatola o hai conservato la scatola da un precedente utilizzo. Acquistare soltanto la bag di ricarica ti consentir\u00e0 un piccolo risparmio ma soprattutto limiter\u00e0 lo spreco di un ulteriore imballaggio, in un'ottica di attenzione verso l'ecologia del nostro pianeta.  Abbiamo scelto come confezionamento del nostro succo il Formato Bag-in-Box perch\u00e8&nbsp;consente di spillare il succo un po\u2019 alla volta garantendone la conservazione per un mese, anche fuori dal frigorifero. Grazie al tappo brevettato infatti&nbsp;il succo esce e l'aria non entra!  &nbsp;  Succo di mela \u2013 Bag di ricarica da 3l  Senza zuccheri aggiunti","og_url":"https:\/\/www.cortecarezzabella.com\/de\/shop\/succo-mela-ricarica-bag-3l\/","og_site_name":"Corte Carezzabella","article_modified_time":"2025-05-13T07:38:43+00:00","og_image":[{"width":2560,"height":1709,"url":"https:\/\/www.cortecarezzabella.com\/wp-content\/uploads\/2018\/01\/750_4235-scaled.jpg","type":"image\/jpeg"}],"twitter_card":"summary_large_image","twitter_misc":{"Est. reading time":"1 minute"},"schema":{"@context":"https:\/\/schema.org","@graph":[{"@type":"WebPage","@id":"https:\/\/www.cortecarezzabella.com\/de\/shop\/succo-mela-ricarica-bag-3l\/","url":"https:\/\/www.cortecarezzabella.com\/de\/shop\/succo-mela-ricarica-bag-3l\/","name":"Succo di Mela BIO - ricarica bag 2l &#187; Corte Carezzabella","isPartOf":{"@id":"https:\/\/www.cortecarezzabella.com\/de\/#website"},"primaryImageOfPage":{"@id":"https:\/\/www.cortecarezzabella.com\/de\/shop\/succo-mela-ricarica-bag-3l\/#primaryimage"},"image":{"@id":"https:\/\/www.cortecarezzabella.com\/de\/shop\/succo-mela-ricarica-bag-3l\/#primaryimage"},"thumbnailUrl":"https:\/\/www.cortecarezzabella.com\/wp-content\/uploads\/2018\/01\/750_4235-scaled.jpg","datePublished":"2018-01-24T17:03:12+00:00","dateModified":"2025-05-13T07:38:43+00:00","breadcrumb":{"@id":"https:\/\/www.cortecarezzabella.com\/de\/shop\/succo-mela-ricarica-bag-3l\/#breadcrumb"},"inLanguage":"de-DE","potentialAction":[{"@type":"ReadAction","target":["https:\/\/www.cortecarezzabella.com\/de\/shop\/succo-mela-ricarica-bag-3l\/"]}]},{"@type":"ImageObject","inLanguage":"de-DE","@id":"https:\/\/www.cortecarezzabella.com\/de\/shop\/succo-mela-ricarica-bag-3l\/#primaryimage","url":"https:\/\/www.cortecarezzabella.com\/wp-content\/uploads\/2018\/01\/750_4235-scaled.jpg","contentUrl":"https:\/\/www.cortecarezzabella.com\/wp-content\/uploads\/2018\/01\/750_4235-scaled.jpg","width":2560,"height":1709},{"@type":"BreadcrumbList","@id":"https:\/\/www.cortecarezzabella.com\/de\/shop\/succo-mela-ricarica-bag-3l\/#breadcrumb","itemListElement":[{"@type":"ListItem","position":1,"name":"Home","item":"https:\/\/www.cortecarezzabella.com\/de\/"},{"@type":"ListItem","position":2,"name":"Shop online","item":"https:\/\/www.cortecarezzabella.com\/de\/negozio\/"},{"@type":"ListItem","position":3,"name":"Succhi di frutta","item":"https:\/\/www.cortecarezzabella.com\/de\/categoria\/succhi-di-frutta-biologici\/"},{"@type":"ListItem","position":4,"name":"Succo di Mela BIO &#8211; ricarica bag 2l"}]},{"@type":"WebSite","@id":"https:\/\/www.cortecarezzabella.com\/de\/#website","url":"https:\/\/www.cortecarezzabella.com\/de\/","name":"Corte Carezzabella","description":"Agriturismo Corte Carezzabella","publisher":{"@id":"https:\/\/www.cortecarezzabella.com\/de\/#organization"},"potentialAction":[{"@type":"SearchAction","target":{"@type":"EntryPoint","urlTemplate":"https:\/\/www.cortecarezzabella.com\/de\/?s={search_term_string}"},"query-input":{"@type":"PropertyValueSpecification","valueRequired":true,"valueName":"search_term_string"}}],"inLanguage":"de-DE"},{"@type":"Organization","@id":"https:\/\/www.cortecarezzabella.com\/de\/#organization","name":"IL FRUTTETO DI SAN MARTINO S.S.","url":"https:\/\/www.cortecarezzabella.com\/de\/","logo":{"@type":"ImageObject","inLanguage":"de-DE","@id":"https:\/\/www.cortecarezzabella.com\/de\/#\/schema\/logo\/image\/","url":"https:\/\/www.cortecarezzabella.com\/wp-content\/uploads\/2020\/03\/LOGO_laBottega-posta-elttr-piccola.jpg","contentUrl":"https:\/\/www.cortecarezzabella.com\/wp-content\/uploads\/2020\/03\/LOGO_laBottega-posta-elttr-piccola.jpg","width":160,"height":115,"caption":"IL FRUTTETO DI SAN MARTINO S.S."},"image":{"@id":"https:\/\/www.cortecarezzabella.com\/de\/#\/schema\/logo\/image\/"}}]}},"_links":{"self":[{"href":"https:\/\/www.cortecarezzabella.com\/de\/wp-json\/wp\/v2\/product\/3992","targetHints":{"allow":["GET"]}}],"collection":[{"href":"https:\/\/www.cortecarezzabella.com\/de\/wp-json\/wp\/v2\/product"}],"about":[{"href":"https:\/\/www.cortecarezzabella.com\/de\/wp-json\/wp\/v2\/types\/product"}],"replies":[{"embeddable":true,"href":"https:\/\/www.cortecarezzabella.com\/de\/wp-json\/wp\/v2\/comments?post=3992"}],"wp:featuredmedia":[{"embeddable":true,"href":"https:\/\/www.cortecarezzabella.com\/de\/wp-json\/wp\/v2\/media\/7211"}],"wp:attachment":[{"href":"https:\/\/www.cortecarezzabella.com\/de\/wp-json\/wp\/v2\/media?parent=3992"}],"wp:term":[{"taxonomy":"product_brand","embeddable":true,"href":"https:\/\/www.cortecarezzabella.com\/de\/wp-json\/wp\/v2\/product_brand?post=3992"},{"taxonomy":"product_cat","embeddable":true,"href":"https:\/\/www.cortecarezzabella.com\/de\/wp-json\/wp\/v2\/product_cat?post=3992"},{"taxonomy":"product_tag","embeddable":true,"href":"https:\/\/www.cortecarezzabella.com\/de\/wp-json\/wp\/v2\/product_tag?post=3992"}],"curies":[{"name":"wp","href":"https:\/\/api.w.org\/{rel}","templated":true}]}}