{"id":745,"date":"2017-05-31T17:18:33","date_gmt":"2017-05-31T15:18:33","guid":{"rendered":"https:\/\/www.cortecarezzabella.com\/?page_id=745\/"},"modified":"2021-03-15T12:27:15","modified_gmt":"2021-03-15T11:27:15","slug":"bio-bauernhof","status":"publish","type":"page","link":"https:\/\/www.cortecarezzabella.com\/de\/bio-bauernhof\/","title":{"rendered":"Bio Bauernhof"},"content":{"rendered":"<h2 style=\"text-align: center;\">&#8211; Bio Bauernhof &#8211;<\/h2>\n<p style=\"text-align: justify;\">Corte Carezzabella ist ein Bio-Bauernhof, nur wenige Meter von den Ufern des <strong>Flusses&nbsp;Etsch<\/strong> entfernt, im Landdorf San Martino di Venezze, am Tor des <strong>Po-Delta-Naturparks<\/strong> im<strong> S\u00fcden der Venetien<\/strong>.<\/p>\n<p style=\"text-align: justify;\">In den letzten Jahren haben wir unsere T\u00e4tigkeit bei der Erneuerung des Bauernhofes, mit der <strong>Produktion von Bio-Obst und Gem\u00fcse<\/strong> konzentriert. Unsere frischen Bio-Produkte werden in der K\u00fcche des Agriturismos verwendet, wo wir <strong>traditionelle Gerichte und Rezepte<\/strong> unseres Landes vorbereiten und <strong>alte Traditionen<\/strong> respektieren.<\/p>\n<p style=\"text-align: justify;\">Eines der beliebtesten Produkte ist <strong>unser Wein<\/strong>. Wir produzieren es seit \u00fcber 15 Jahren aus unseren eigenen Weing\u00fctern und wir achten auf Nachhaltigkeit und Biodiversit\u00e4t. Hier bei Corte Carezzabella k\u00f6nnen Sie probieren: Merlot Igt, Temetum Rot Veneto IGT, Ros\u00e9 Veneto Igt und Brillo Weisswein Venetio Igt.<\/p>\n<p style=\"text-align: justify;\">Wir kultivieren auch die junge, lokale Turchetta-Trauben.<\/p>\n<p style=\"text-align: justify;\">Unser Bauernhof hat sich auch auf die Herstellung von <strong>100% nat\u00fcrlichen S\u00e4fte<\/strong> spezialisiert: Apfel, Birne und Pfirsich. Andere nat\u00fcrliche, biologische Produkte unserer eigenen Produktion, die in unserer K\u00fcche verwendet werden, sind: <strong>Marmelade, Kompott, Tomatenso\u00dfe<\/strong>, alle verarbeitet, um die nat\u00fcrliche Farbe, Geruch, Geschmack und organoleptischen Eigenschaften der frischen Obst und Gem\u00fcse zu halten.<\/p>\n<p>F\u00fcr <strong>Brot, Kuchen, Kekse<\/strong> und andere geschmackvolle Produkte, die Sie w\u00e4hrend Ihres Aufenthaltes probieren k\u00f6nnen, ben\u00fctzen wir nur unser <strong>Bio-Steinmehl<\/strong>.<\/p>\n\n\n<figure class=\"wp-block-gallery columns-2 is-cropped wp-block-gallery-1 is-layout-flex wp-block-gallery-is-layout-flex\"><ul class=\"blocks-gallery-grid\"><li class=\"blocks-gallery-item\"><figure><img loading=\"lazy\" decoding=\"async\" width=\"1024\" height=\"686\" src=\"https:\/\/www.cortecarezzabella.com\/wp-content\/uploads\/2020\/08\/photo-25425749-020-1024x686.jpg\" alt=\"\" data-id=\"8813\" data-full-url=\"https:\/\/www.cortecarezzabella.com\/wp-content\/uploads\/2020\/08\/photo-25425749-020-scaled.jpg\" data-link=\"https:\/\/www.cortecarezzabella.com\/de\/photo-25425749-020-2\/\" class=\"wp-image-8813\" srcset=\"https:\/\/www.cortecarezzabella.com\/wp-content\/uploads\/2020\/08\/photo-25425749-020-1024x686.jpg 1024w, https:\/\/www.cortecarezzabella.com\/wp-content\/uploads\/2020\/08\/photo-25425749-020-700x469.jpg 700w, https:\/\/www.cortecarezzabella.com\/wp-content\/uploads\/2020\/08\/photo-25425749-020-768x514.jpg 768w, https:\/\/www.cortecarezzabella.com\/wp-content\/uploads\/2020\/08\/photo-25425749-020-1536x1029.jpg 1536w, https:\/\/www.cortecarezzabella.com\/wp-content\/uploads\/2020\/08\/photo-25425749-020-2048x1372.jpg 2048w, https:\/\/www.cortecarezzabella.com\/wp-content\/uploads\/2020\/08\/photo-25425749-020-500x335.jpg 500w\" sizes=\"auto, (max-width: 1024px) 100vw, 1024px\" \/><\/figure><\/li><li class=\"blocks-gallery-item\"><figure><img loading=\"lazy\" decoding=\"async\" width=\"934\" height=\"700\" src=\"https:\/\/www.cortecarezzabella.com\/wp-content\/uploads\/2021\/03\/Dji-0005-934x700.jpg\" alt=\"\" data-id=\"10332\" data-full-url=\"https:\/\/www.cortecarezzabella.com\/wp-content\/uploads\/2021\/03\/Dji-0005-scaled.jpg\" data-link=\"https:\/\/www.cortecarezzabella.com\/de\/urlaub-am-bauernhof\/dji-0005-2\/\" class=\"wp-image-10332\" srcset=\"https:\/\/www.cortecarezzabella.com\/wp-content\/uploads\/2021\/03\/Dji-0005-934x700.jpg 934w, https:\/\/www.cortecarezzabella.com\/wp-content\/uploads\/2021\/03\/Dji-0005-640x480.jpg 640w, https:\/\/www.cortecarezzabella.com\/wp-content\/uploads\/2021\/03\/Dji-0005-768x576.jpg 768w, https:\/\/www.cortecarezzabella.com\/wp-content\/uploads\/2021\/03\/Dji-0005-1536x1152.jpg 1536w, https:\/\/www.cortecarezzabella.com\/wp-content\/uploads\/2021\/03\/Dji-0005-2048x1535.jpg 2048w, https:\/\/www.cortecarezzabella.com\/wp-content\/uploads\/2021\/03\/Dji-0005-300x225.jpg 300w, https:\/\/www.cortecarezzabella.com\/wp-content\/uploads\/2021\/03\/Dji-0005-450x337.jpg 450w, https:\/\/www.cortecarezzabella.com\/wp-content\/uploads\/2021\/03\/Dji-0005-500x375.jpg 500w, https:\/\/www.cortecarezzabella.com\/wp-content\/uploads\/2021\/03\/Dji-0005-80x60.jpg 80w, https:\/\/www.cortecarezzabella.com\/wp-content\/uploads\/2021\/03\/Dji-0005-120x90.jpg 120w\" sizes=\"auto, (max-width: 934px) 100vw, 934px\" \/><\/figure><\/li><\/ul><\/figure>\n","protected":false},"excerpt":{"rendered":"<p>&#8211; Bio Bauernhof &#8211; Corte Carezzabella ist ein Bio-Bauernhof, nur wenige Meter von den Ufern des Flusses&nbsp;Etsch entfernt, im Landdorf San Martino di Venezze, am Tor des Po-Delta-Naturparks im S\u00fcden der Venetien. In den letzten Jahren haben wir unsere T\u00e4tigkeit bei der Erneuerung des Bauernhofes, mit der Produktion von Bio-Obst und Gem\u00fcse konzentriert. Unsere frischen [&hellip;]<\/p>\n","protected":false},"author":1,"featured_media":0,"parent":0,"menu_order":0,"comment_status":"closed","ping_status":"closed","template":"","meta":{"_acf_changed":false,"ngg_post_thumbnail":0,"footnotes":""},"class_list":["post-745","page","type-page","status-publish","hentry"],"acf":[],"yoast_head":"<!-- This site is optimized with the Yoast SEO plugin v27.5 - https:\/\/yoast.com\/product\/yoast-seo-wordpress\/ -->\n<title>Bio Bauernhof in der Venetien<\/title>\n<meta name=\"robots\" content=\"index, follow, max-snippet:-1, max-image-preview:large, max-video-preview:-1\" \/>\n<link rel=\"canonical\" href=\"https:\/\/www.cortecarezzabella.com\/de\/bio-bauernhof\/\" \/>\n<meta property=\"og:locale\" content=\"de_DE\" \/>\n<meta property=\"og:type\" content=\"article\" \/>\n<meta property=\"og:title\" content=\"Bio Bauernhof in der Venetien\" \/>\n<meta property=\"og:description\" content=\"&#8211; Bio Bauernhof &#8211; Corte Carezzabella ist ein Bio-Bauernhof, nur wenige Meter von den Ufern des Flusses&nbsp;Etsch entfernt, im Landdorf San Martino di Venezze, am Tor des Po-Delta-Naturparks im S\u00fcden der Venetien. In den letzten Jahren haben wir unsere T\u00e4tigkeit bei der Erneuerung des Bauernhofes, mit der Produktion von Bio-Obst und Gem\u00fcse konzentriert. Unsere frischen [&hellip;]\" \/>\n<meta property=\"og:url\" content=\"https:\/\/www.cortecarezzabella.com\/de\/bio-bauernhof\/\" \/>\n<meta property=\"og:site_name\" content=\"Corte Carezzabella\" \/>\n<meta property=\"article:modified_time\" content=\"2021-03-15T11:27:15+00:00\" \/>\n<meta property=\"og:image\" content=\"https:\/\/www.cortecarezzabella.com\/wp-content\/uploads\/2020\/08\/photo-25425749-020-1024x686.jpg\" \/>\n<meta name=\"twitter:card\" content=\"summary_large_image\" \/>\n<meta name=\"twitter:label1\" content=\"Est. reading time\" \/>\n\t<meta name=\"twitter:data1\" content=\"2 minutes\" \/>\n<script type=\"application\/ld+json\" class=\"yoast-schema-graph\">{\"@context\":\"https:\\\/\\\/schema.org\",\"@graph\":[{\"@type\":\"WebPage\",\"@id\":\"https:\\\/\\\/www.cortecarezzabella.com\\\/de\\\/bio-bauernhof\\\/\",\"url\":\"https:\\\/\\\/www.cortecarezzabella.com\\\/de\\\/bio-bauernhof\\\/\",\"name\":\"Bio Bauernhof in der Venetien\",\"isPartOf\":{\"@id\":\"https:\\\/\\\/www.cortecarezzabella.com\\\/de\\\/#website\"},\"primaryImageOfPage\":{\"@id\":\"https:\\\/\\\/www.cortecarezzabella.com\\\/de\\\/bio-bauernhof\\\/#primaryimage\"},\"image\":{\"@id\":\"https:\\\/\\\/www.cortecarezzabella.com\\\/de\\\/bio-bauernhof\\\/#primaryimage\"},\"thumbnailUrl\":\"https:\\\/\\\/www.cortecarezzabella.com\\\/wp-content\\\/uploads\\\/2020\\\/08\\\/photo-25425749-020-1024x686.jpg\",\"datePublished\":\"2017-05-31T15:18:33+00:00\",\"dateModified\":\"2021-03-15T11:27:15+00:00\",\"breadcrumb\":{\"@id\":\"https:\\\/\\\/www.cortecarezzabella.com\\\/de\\\/bio-bauernhof\\\/#breadcrumb\"},\"inLanguage\":\"de-DE\",\"potentialAction\":[{\"@type\":\"ReadAction\",\"target\":[\"https:\\\/\\\/www.cortecarezzabella.com\\\/de\\\/bio-bauernhof\\\/\"]}]},{\"@type\":\"ImageObject\",\"inLanguage\":\"de-DE\",\"@id\":\"https:\\\/\\\/www.cortecarezzabella.com\\\/de\\\/bio-bauernhof\\\/#primaryimage\",\"url\":\"https:\\\/\\\/www.cortecarezzabella.com\\\/wp-content\\\/uploads\\\/2020\\\/08\\\/photo-25425749-020-1024x686.jpg\",\"contentUrl\":\"https:\\\/\\\/www.cortecarezzabella.com\\\/wp-content\\\/uploads\\\/2020\\\/08\\\/photo-25425749-020-1024x686.jpg\"},{\"@type\":\"BreadcrumbList\",\"@id\":\"https:\\\/\\\/www.cortecarezzabella.com\\\/de\\\/bio-bauernhof\\\/#breadcrumb\",\"itemListElement\":[{\"@type\":\"ListItem\",\"position\":1,\"name\":\"Home\",\"item\":\"https:\\\/\\\/www.cortecarezzabella.com\\\/de\\\/\"},{\"@type\":\"ListItem\",\"position\":2,\"name\":\"Bio Bauernhof\"}]},{\"@type\":\"WebSite\",\"@id\":\"https:\\\/\\\/www.cortecarezzabella.com\\\/de\\\/#website\",\"url\":\"https:\\\/\\\/www.cortecarezzabella.com\\\/de\\\/\",\"name\":\"Corte Carezzabella\",\"description\":\"Agriturismo Corte Carezzabella\",\"publisher\":{\"@id\":\"https:\\\/\\\/www.cortecarezzabella.com\\\/de\\\/#organization\"},\"potentialAction\":[{\"@type\":\"SearchAction\",\"target\":{\"@type\":\"EntryPoint\",\"urlTemplate\":\"https:\\\/\\\/www.cortecarezzabella.com\\\/de\\\/?s={search_term_string}\"},\"query-input\":{\"@type\":\"PropertyValueSpecification\",\"valueRequired\":true,\"valueName\":\"search_term_string\"}}],\"inLanguage\":\"de-DE\"},{\"@type\":\"Organization\",\"@id\":\"https:\\\/\\\/www.cortecarezzabella.com\\\/de\\\/#organization\",\"name\":\"IL FRUTTETO DI SAN MARTINO S.S.\",\"url\":\"https:\\\/\\\/www.cortecarezzabella.com\\\/de\\\/\",\"logo\":{\"@type\":\"ImageObject\",\"inLanguage\":\"de-DE\",\"@id\":\"https:\\\/\\\/www.cortecarezzabella.com\\\/de\\\/#\\\/schema\\\/logo\\\/image\\\/\",\"url\":\"https:\\\/\\\/www.cortecarezzabella.com\\\/wp-content\\\/uploads\\\/2020\\\/03\\\/LOGO_laBottega-posta-elttr-piccola.jpg\",\"contentUrl\":\"https:\\\/\\\/www.cortecarezzabella.com\\\/wp-content\\\/uploads\\\/2020\\\/03\\\/LOGO_laBottega-posta-elttr-piccola.jpg\",\"width\":160,\"height\":115,\"caption\":\"IL FRUTTETO DI SAN MARTINO S.S.\"},\"image\":{\"@id\":\"https:\\\/\\\/www.cortecarezzabella.com\\\/de\\\/#\\\/schema\\\/logo\\\/image\\\/\"}}]}<\/script>\n<!-- \/ Yoast SEO plugin. -->","yoast_head_json":{"title":"Bio Bauernhof in der Venetien","robots":{"index":"index","follow":"follow","max-snippet":"max-snippet:-1","max-image-preview":"max-image-preview:large","max-video-preview":"max-video-preview:-1"},"canonical":"https:\/\/www.cortecarezzabella.com\/de\/bio-bauernhof\/","og_locale":"de_DE","og_type":"article","og_title":"Bio Bauernhof in der Venetien","og_description":"&#8211; Bio Bauernhof &#8211; Corte Carezzabella ist ein Bio-Bauernhof, nur wenige Meter von den Ufern des Flusses&nbsp;Etsch entfernt, im Landdorf San Martino di Venezze, am Tor des Po-Delta-Naturparks im S\u00fcden der Venetien. In den letzten Jahren haben wir unsere T\u00e4tigkeit bei der Erneuerung des Bauernhofes, mit der Produktion von Bio-Obst und Gem\u00fcse konzentriert. Unsere frischen [&hellip;]","og_url":"https:\/\/www.cortecarezzabella.com\/de\/bio-bauernhof\/","og_site_name":"Corte Carezzabella","article_modified_time":"2021-03-15T11:27:15+00:00","og_image":[{"url":"https:\/\/www.cortecarezzabella.com\/wp-content\/uploads\/2020\/08\/photo-25425749-020-1024x686.jpg","type":"","width":"","height":""}],"twitter_card":"summary_large_image","twitter_misc":{"Est. reading time":"2 minutes"},"schema":{"@context":"https:\/\/schema.org","@graph":[{"@type":"WebPage","@id":"https:\/\/www.cortecarezzabella.com\/de\/bio-bauernhof\/","url":"https:\/\/www.cortecarezzabella.com\/de\/bio-bauernhof\/","name":"Bio Bauernhof in der Venetien","isPartOf":{"@id":"https:\/\/www.cortecarezzabella.com\/de\/#website"},"primaryImageOfPage":{"@id":"https:\/\/www.cortecarezzabella.com\/de\/bio-bauernhof\/#primaryimage"},"image":{"@id":"https:\/\/www.cortecarezzabella.com\/de\/bio-bauernhof\/#primaryimage"},"thumbnailUrl":"https:\/\/www.cortecarezzabella.com\/wp-content\/uploads\/2020\/08\/photo-25425749-020-1024x686.jpg","datePublished":"2017-05-31T15:18:33+00:00","dateModified":"2021-03-15T11:27:15+00:00","breadcrumb":{"@id":"https:\/\/www.cortecarezzabella.com\/de\/bio-bauernhof\/#breadcrumb"},"inLanguage":"de-DE","potentialAction":[{"@type":"ReadAction","target":["https:\/\/www.cortecarezzabella.com\/de\/bio-bauernhof\/"]}]},{"@type":"ImageObject","inLanguage":"de-DE","@id":"https:\/\/www.cortecarezzabella.com\/de\/bio-bauernhof\/#primaryimage","url":"https:\/\/www.cortecarezzabella.com\/wp-content\/uploads\/2020\/08\/photo-25425749-020-1024x686.jpg","contentUrl":"https:\/\/www.cortecarezzabella.com\/wp-content\/uploads\/2020\/08\/photo-25425749-020-1024x686.jpg"},{"@type":"BreadcrumbList","@id":"https:\/\/www.cortecarezzabella.com\/de\/bio-bauernhof\/#breadcrumb","itemListElement":[{"@type":"ListItem","position":1,"name":"Home","item":"https:\/\/www.cortecarezzabella.com\/de\/"},{"@type":"ListItem","position":2,"name":"Bio Bauernhof"}]},{"@type":"WebSite","@id":"https:\/\/www.cortecarezzabella.com\/de\/#website","url":"https:\/\/www.cortecarezzabella.com\/de\/","name":"Corte Carezzabella","description":"Agriturismo Corte Carezzabella","publisher":{"@id":"https:\/\/www.cortecarezzabella.com\/de\/#organization"},"potentialAction":[{"@type":"SearchAction","target":{"@type":"EntryPoint","urlTemplate":"https:\/\/www.cortecarezzabella.com\/de\/?s={search_term_string}"},"query-input":{"@type":"PropertyValueSpecification","valueRequired":true,"valueName":"search_term_string"}}],"inLanguage":"de-DE"},{"@type":"Organization","@id":"https:\/\/www.cortecarezzabella.com\/de\/#organization","name":"IL FRUTTETO DI SAN MARTINO S.S.","url":"https:\/\/www.cortecarezzabella.com\/de\/","logo":{"@type":"ImageObject","inLanguage":"de-DE","@id":"https:\/\/www.cortecarezzabella.com\/de\/#\/schema\/logo\/image\/","url":"https:\/\/www.cortecarezzabella.com\/wp-content\/uploads\/2020\/03\/LOGO_laBottega-posta-elttr-piccola.jpg","contentUrl":"https:\/\/www.cortecarezzabella.com\/wp-content\/uploads\/2020\/03\/LOGO_laBottega-posta-elttr-piccola.jpg","width":160,"height":115,"caption":"IL FRUTTETO DI SAN MARTINO S.S."},"image":{"@id":"https:\/\/www.cortecarezzabella.com\/de\/#\/schema\/logo\/image\/"}}]}},"_links":{"self":[{"href":"https:\/\/www.cortecarezzabella.com\/de\/wp-json\/wp\/v2\/pages\/745","targetHints":{"allow":["GET"]}}],"collection":[{"href":"https:\/\/www.cortecarezzabella.com\/de\/wp-json\/wp\/v2\/pages"}],"about":[{"href":"https:\/\/www.cortecarezzabella.com\/de\/wp-json\/wp\/v2\/types\/page"}],"author":[{"embeddable":true,"href":"https:\/\/www.cortecarezzabella.com\/de\/wp-json\/wp\/v2\/users\/1"}],"replies":[{"embeddable":true,"href":"https:\/\/www.cortecarezzabella.com\/de\/wp-json\/wp\/v2\/comments?post=745"}],"version-history":[{"count":3,"href":"https:\/\/www.cortecarezzabella.com\/de\/wp-json\/wp\/v2\/pages\/745\/revisions"}],"predecessor-version":[{"id":10392,"href":"https:\/\/www.cortecarezzabella.com\/de\/wp-json\/wp\/v2\/pages\/745\/revisions\/10392"}],"wp:attachment":[{"href":"https:\/\/www.cortecarezzabella.com\/de\/wp-json\/wp\/v2\/media?parent=745"}],"curies":[{"name":"wp","href":"https:\/\/api.w.org\/{rel}","templated":true}]}}